{"id":1249,"date":"2024-05-23T10:58:26","date_gmt":"2024-05-23T10:58:26","guid":{"rendered":"https:\/\/www.avanti.swiss\/?page_id=1249"},"modified":"2026-02-18T10:30:37","modified_gmt":"2026-02-18T10:30:37","slug":"futuro","status":"publish","type":"page","link":"https:\/\/www.avanti.swiss\/it\/futuro\/","title":{"rendered":"Futuro"},"content":{"rendered":"<section class=\"block block-page-hero gutters  zigzag-2 bg-primary\">\n    <div class=\"container-wide\">\n        <div class=\"row\">\n            <div class=\"col-12 col-md-6\">\n                <h1 class=\"title\">Il futuro promette dinamismo, variet\u00e0 e infinite possibilit\u00e0.<\/h1>\n            <\/div>\n            <div class=\"col-12 col-md-6\">\n                <div class=\"description\">\n                    <p>Tecnologie innovative e approcci sostenibili: diventa protagonista di un mondo dinamico. Plasma il futuro con creativit\u00e0 e passione. Lasciati ispirare dalle innumerevoli possibilit\u00e0 che il settore offre!<\/p>\n                <\/div>\n            <\/div>\n        <\/div>\n    <\/div>\n<\/section>\n\n\n<section class=\"block block-sticky-tabs gutters \">\n    <div class=\"container-wide\">\n        <div class=\"tabs\">\n                                                                <a class=\"tab active\" href=\"#il-tuo-futuro-la-tua-carriera\">Il tuo futuro: la tua carriera<\/a>\n                                                        <a class=\"tab \" href=\"#il-futuro-del-settore\">Il futuro del settore<\/a>\n                                                        <\/div>\n        <div class=\"tabs-content\">\n                                                                <div class=\"tab-content active\" id=\"il-tuo-futuro-la-tua-carriera\">\n                        <div class=\"row\">\n                            <div class=\"col-12 col-md-5 col-lg-4 col-xl-3 col-xxl-3 col-xxxl-3\">\n                                <div class=\"nav-wrapper\">\n                                    <div class=\"nav\">\n                                                                                                                                                                                                                                <a class=\"nav-item active\" href=\"#il-tuo-futuro-la-tua-carriera-qualifiche-di-base\">Qualifiche di base<\/a>\n                                                                                                                                                                                                                                                    <a class=\"nav-item \" href=\"#il-tuo-futuro-la-tua-carriera-la-formazione-di-base\">La formazione di base<\/a>\n                                                                                                                                                                                                                                                    <a class=\"nav-item \" href=\"#il-tuo-futuro-la-tua-carriera-esami-di-professione\">Esami di professione<\/a>\n                                                                                                                                                                                                                                                    <a class=\"nav-item \" href=\"#il-tuo-futuro-la-tua-carriera-esami-professionali-superiori\">Esami professionali superiori<\/a>\n                                                                                                                                                                                                                                                    <a class=\"nav-item \" href=\"#il-tuo-futuro-la-tua-carriera-scuole-specializzate-superiori-scuola-alberghiera\">Scuole specializzate superiori \/ Scuola alberghiera<\/a>\n                                                                                                                                                                                                                                                    <a class=\"nav-item \" href=\"#il-tuo-futuro-la-tua-carriera-studio-postdiploma-spd-sss\">Studio postdiploma SPD SSS<\/a>\n                                                                                                                                                                                                                                                    <a class=\"nav-item \" href=\"#il-tuo-futuro-la-tua-carriera-scuola-universitaria-professionale\">Scuola universitaria professionale<\/a>\n                                                                                                                                                                                                                                                    <a class=\"nav-item \" href=\"#il-tuo-futuro-la-tua-carriera-cas\">CAS<\/a>\n                                                                                                                                                                                                                                                    <a class=\"nav-item \" href=\"#il-tuo-futuro-la-tua-carriera-formazione-continua\">Formazione continua<\/a>\n                                                                                                                                                                                                                                                    <a class=\"nav-item \" href=\"#il-tuo-futuro-la-tua-carriera-cambiamento-di-carriera\">Cambiamento di carriera<\/a>\n                                                                                                                                                                                                                            <\/div>\n                                <\/div>\n                            <\/div>\n                            <div class=\"col-12 col-md-7 col-lg-8 col-xl-9 col-xxl-8 col-xxxl-7\">\n                                                                                                            <div class=\"section\" id=\"il-tuo-futuro-la-tua-carriera-qualifiche-di-base\">\n                                                                                                                                                <div class=\"subsection\">\n                                                                                                                    <h2 class=\"title\">Qualifiche di base<\/h2>\n                                                                                                                                                                            <div class=\"text\">\n                                                                <p>Lavori gi\u00e0 nell\u2019albergheria-ristorazione ma non hai seguito una formazione di base o non disponi di qualifiche particolari? Acquisire le qualifiche di base \u00e8 la scelta giusta per te! I nostri cicli di studio si concludono con un certificato che apre le porte di una brillante carriera nell\u2019albergheria-ristorazione svizzera.<\/p>\n                                                            <\/div>\n                                                                                                                                                                            <div class=\"cards\">\n                                                                                                                                    <div class=\"card\">\n                                                                        <div class=\"image\">\n                                                                                                                                                            <img loading=\"lazy\" decoding=\"async\" width=\"1024\" height=\"683\" src=\"https:\/\/www.avanti.swiss\/wp-content\/uploads\/2024\/07\/Avanti-Zukunft-Deine-Karriere-Basisqualifikation_HOCH-1024x683.jpg\" class=\"attachment-large size-large\" alt=\"\" srcset=\"https:\/\/www.avanti.swiss\/wp-content\/uploads\/2024\/07\/Avanti-Zukunft-Deine-Karriere-Basisqualifikation_HOCH-1024x683.jpg 1024w, https:\/\/www.avanti.swiss\/wp-content\/uploads\/2024\/07\/Avanti-Zukunft-Deine-Karriere-Basisqualifikation_HOCH-300x200.jpg 300w, https:\/\/www.avanti.swiss\/wp-content\/uploads\/2024\/07\/Avanti-Zukunft-Deine-Karriere-Basisqualifikation_HOCH-768x512.jpg 768w, https:\/\/www.avanti.swiss\/wp-content\/uploads\/2024\/07\/Avanti-Zukunft-Deine-Karriere-Basisqualifikation_HOCH-1536x1025.jpg 1536w, https:\/\/www.avanti.swiss\/wp-content\/uploads\/2024\/07\/Avanti-Zukunft-Deine-Karriere-Basisqualifikation_HOCH-2048x1366.jpg 2048w\" sizes=\"auto, (max-width: 1024px) 100vw, 1024px\" \/>                                                                                                                                                    <\/div>\n                                                                        <div class=\"text-and-button\">\n                                                                                                                                                            <div class=\"text\">\n                                                                                    <p>I cicli di studio per l\u2019acquisizione delle qualifiche di base sono proposti nei settori Economia domestica, Cucina, Servizio e Gastronomia standardizzata.<\/p>\n                                                                                <\/div>\n                                                                                                                                                                                                                                        <a href=\"https:\/\/www.hotelgastro.ch\/it\/certificati-di-settore_istruzione-di-base\" class=\"button secondary black-text\" target=\"_blank\" rel=\"noopener\"><span><svg width=\"47\" height=\"29\" viewBox=\"0 0 47 29\" fill=\"none\" xmlns=\"http:\/\/www.w3.org\/2000\/svg\">\n<path d=\"M3.5 14.793L43.5 14.793\" stroke=\"#FFED00\" stroke-width=\"6\" stroke-linecap=\"round\" stroke-linejoin=\"round\"\/>\n<path d=\"M32.5 3.79297L43.5 14.793L32.5 25.793\" stroke=\"#FFED00\" stroke-width=\"6\" stroke-linecap=\"round\" stroke-linejoin=\"round\"\/>\n<\/svg>\n<span>Scopri le possibilit\u00e0 a tua disposizione<\/span><\/span><\/a>                                                                                                                                                    <\/div>\n                                                                    <\/div>\n                                                                                                                            <\/div>\n                                                                                                            <\/div>\n                                                                                                                                    <\/div>\n                                                                            <div class=\"section\" id=\"il-tuo-futuro-la-tua-carriera-la-formazione-di-base\">\n                                                                                                                                                <div class=\"subsection\">\n                                                                                                                    <h2 class=\"title\">La formazione di base<\/h2>\n                                                                                                                                                                            <div class=\"text\">\n                                                                <p>Avvicinati al mondo del lavoro con un apprendistato e getta le basi per una carriera di successo. Nell\u2019albergheria-ristorazione puoi scegliere fra dieci apprendistati che aprono molteplici prospettive.<\/p>\n                                                            <\/div>\n                                                                                                                                                                            <div class=\"cards\">\n                                                                                                                                    <div class=\"card\">\n                                                                        <div class=\"image\">\n                                                                                                                                                            <img loading=\"lazy\" decoding=\"async\" width=\"768\" height=\"1024\" src=\"https:\/\/www.avanti.swiss\/wp-content\/uploads\/2024\/07\/Restaurantfachfrau_mann_detail_3-768x1024.jpg\" class=\"attachment-large size-large\" alt=\"\" srcset=\"https:\/\/www.avanti.swiss\/wp-content\/uploads\/2024\/07\/Restaurantfachfrau_mann_detail_3-768x1024.jpg 768w, https:\/\/www.avanti.swiss\/wp-content\/uploads\/2024\/07\/Restaurantfachfrau_mann_detail_3-225x300.jpg 225w, https:\/\/www.avanti.swiss\/wp-content\/uploads\/2024\/07\/Restaurantfachfrau_mann_detail_3-1152x1536.jpg 1152w, https:\/\/www.avanti.swiss\/wp-content\/uploads\/2024\/07\/Restaurantfachfrau_mann_detail_3-1536x2048.jpg 1536w, https:\/\/www.avanti.swiss\/wp-content\/uploads\/2024\/07\/Restaurantfachfrau_mann_detail_3-scaled.jpg 1920w\" sizes=\"auto, (max-width: 768px) 100vw, 768px\" \/>                                                                                                                                                    <\/div>\n                                                                        <div class=\"text-and-button\">\n                                                                                                                                                            <div class=\"text\">\n                                                                                    <p>Dopo l\u2019apprendistato della durata di due anni consegui il certificato federale di formazione pratica (CFP).<\/p>\n                                                                                <\/div>\n                                                                                                                                                                                                                                        <a href=\"https:\/\/mestierialberghieri.ch\/?_gl=1*igl2l2*_gcl_au*MzExMTEzODM5LjE3MjU5NTM0OTA.*_ga*MTIwMDU4Mzk4OC4xNjk2ODU2OTM0*_ga_E7TKRRSKQD*MTcyNTk2MTExNy4yLjAuMTcyNTk2MTExNy42MC4wLjA.\" class=\"button secondary black-text\" target=\"_blank\" rel=\"noopener\"><span><svg width=\"47\" height=\"29\" viewBox=\"0 0 47 29\" fill=\"none\" xmlns=\"http:\/\/www.w3.org\/2000\/svg\">\n<path d=\"M3.5 14.793L43.5 14.793\" stroke=\"#FFED00\" stroke-width=\"6\" stroke-linecap=\"round\" stroke-linejoin=\"round\"\/>\n<path d=\"M32.5 3.79297L43.5 14.793L32.5 25.793\" stroke=\"#FFED00\" stroke-width=\"6\" stroke-linecap=\"round\" stroke-linejoin=\"round\"\/>\n<\/svg>\n<span>Apprendistato di due anni<\/span><\/span><\/a>                                                                                                                                                    <\/div>\n                                                                    <\/div>\n                                                                                                                                    <div class=\"card\">\n                                                                        <div class=\"image\">\n                                                                                                                                                            <img loading=\"lazy\" decoding=\"async\" width=\"768\" height=\"1024\" src=\"https:\/\/www.avanti.swiss\/wp-content\/uploads\/2024\/07\/Restaurantfachfrau_mann_classic_6-768x1024.jpg\" class=\"attachment-large size-large\" alt=\"\" srcset=\"https:\/\/www.avanti.swiss\/wp-content\/uploads\/2024\/07\/Restaurantfachfrau_mann_classic_6-768x1024.jpg 768w, https:\/\/www.avanti.swiss\/wp-content\/uploads\/2024\/07\/Restaurantfachfrau_mann_classic_6-225x300.jpg 225w, https:\/\/www.avanti.swiss\/wp-content\/uploads\/2024\/07\/Restaurantfachfrau_mann_classic_6-1152x1536.jpg 1152w, https:\/\/www.avanti.swiss\/wp-content\/uploads\/2024\/07\/Restaurantfachfrau_mann_classic_6-1536x2048.jpg 1536w, https:\/\/www.avanti.swiss\/wp-content\/uploads\/2024\/07\/Restaurantfachfrau_mann_classic_6-scaled.jpg 1920w\" sizes=\"auto, (max-width: 768px) 100vw, 768px\" \/>                                                                                                                                                    <\/div>\n                                                                        <div class=\"text-and-button\">\n                                                                                                                                                            <div class=\"text\">\n                                                                                    <p>Con un apprendistato di tre anni ottieni un attestato federale di capacit\u00e0 (AFC), un trampolino di lancio per altri percorsi di formazione.<\/p>\n                                                                                <\/div>\n                                                                                                                                                                                                                                        <a href=\"https:\/\/mestierialberghieri.ch\/?_gl=1*igl2l2*_gcl_au*MzExMTEzODM5LjE3MjU5NTM0OTA.*_ga*MTIwMDU4Mzk4OC4xNjk2ODU2OTM0*_ga_E7TKRRSKQD*MTcyNTk2MTExNy4yLjAuMTcyNTk2MTExNy42MC4wLjA.\" class=\"button secondary black-text\" target=\"_blank\" rel=\"noopener\"><span><svg width=\"47\" height=\"29\" viewBox=\"0 0 47 29\" fill=\"none\" xmlns=\"http:\/\/www.w3.org\/2000\/svg\">\n<path d=\"M3.5 14.793L43.5 14.793\" stroke=\"#FFED00\" stroke-width=\"6\" stroke-linecap=\"round\" stroke-linejoin=\"round\"\/>\n<path d=\"M32.5 3.79297L43.5 14.793L32.5 25.793\" stroke=\"#FFED00\" stroke-width=\"6\" stroke-linecap=\"round\" stroke-linejoin=\"round\"\/>\n<\/svg>\n<span>Apprendistato di tre anni<\/span><\/span><\/a>                                                                                                                                                    <\/div>\n                                                                    <\/div>\n                                                                                                                            <\/div>\n                                                                                                            <\/div>\n                                                                                                                                    <\/div>\n                                                                            <div class=\"section\" id=\"il-tuo-futuro-la-tua-carriera-esami-di-professione\">\n                                                                                                                                                <div class=\"subsection\">\n                                                                                                                    <h2 class=\"title\">Esami di professione<\/h2>\n                                                                                                                                                                            <div class=\"text\">\n                                                                <p>Hai concluso l\u2019apprendistato e hai in tasca un attestato federale di capacit\u00e0 (AFC)? Puoi specializzarti in un ambito specifico con l\u2019esame di professione.<\/p>\n                                                            <\/div>\n                                                                                                                                                                            <div class=\"cards\">\n                                                                                                                                    <div class=\"card\">\n                                                                        <div class=\"image\">\n                                                                                                                                                            <img loading=\"lazy\" decoding=\"async\" width=\"1024\" height=\"683\" src=\"https:\/\/www.avanti.swiss\/wp-content\/uploads\/2024\/07\/Foto-EHL-4-1024x683.jpg\" class=\"attachment-large size-large\" alt=\"\" srcset=\"https:\/\/www.avanti.swiss\/wp-content\/uploads\/2024\/07\/Foto-EHL-4-1024x683.jpg 1024w, https:\/\/www.avanti.swiss\/wp-content\/uploads\/2024\/07\/Foto-EHL-4-300x200.jpg 300w, https:\/\/www.avanti.swiss\/wp-content\/uploads\/2024\/07\/Foto-EHL-4-768x512.jpg 768w, https:\/\/www.avanti.swiss\/wp-content\/uploads\/2024\/07\/Foto-EHL-4-1536x1024.jpg 1536w, https:\/\/www.avanti.swiss\/wp-content\/uploads\/2024\/07\/Foto-EHL-4-2048x1366.jpg 2048w\" sizes=\"auto, (max-width: 1024px) 100vw, 1024px\" \/>                                                                                                                                                    <\/div>\n                                                                        <div class=\"text-and-button\">\n                                                                                                                                                            <div class=\"text\">\n                                                                                    <p>Superato l\u2019esame di professione ricevi un attestato professionale federale. Questo titolo ti d\u00e0 accesso a posizioni di quadro intermedio.<\/p>\n                                                                                <\/div>\n                                                                                                                                                                                                                                        <a href=\"https:\/\/carrieraalberghiera.ch\/diplomi\/essami-professionali\/\" class=\"button secondary black-text\" target=\"_blank\" rel=\"noopener\"><span><svg width=\"47\" height=\"29\" viewBox=\"0 0 47 29\" fill=\"none\" xmlns=\"http:\/\/www.w3.org\/2000\/svg\">\n<path d=\"M3.5 14.793L43.5 14.793\" stroke=\"#FFED00\" stroke-width=\"6\" stroke-linecap=\"round\" stroke-linejoin=\"round\"\/>\n<path d=\"M32.5 3.79297L43.5 14.793L32.5 25.793\" stroke=\"#FFED00\" stroke-width=\"6\" stroke-linecap=\"round\" stroke-linejoin=\"round\"\/>\n<\/svg>\n<span>Saperne di pi\u00f9 sugli esami di professione<\/span><\/span><\/a>                                                                                                                                                    <\/div>\n                                                                    <\/div>\n                                                                                                                            <\/div>\n                                                                                                            <\/div>\n                                                                                                                                    <\/div>\n                                                                            <div class=\"section\" id=\"il-tuo-futuro-la-tua-carriera-esami-professionali-superiori\">\n                                                                                                                                                <div class=\"subsection\">\n                                                                                                                    <h2 class=\"title\">Esami professionali superiori<\/h2>\n                                                                                                                                                                            <div class=\"text\">\n                                                                <p>Superando gli esami professionali superiori consegui un diploma federale, noto anche come maestria federale. Questo titolo fa di te un\u2019esperta o un esperto nel tuo ambito professionale. Chi consegue questo diploma occupa spesso posizioni direttive.<\/p>\n                                                            <\/div>\n                                                                                                                                                                            <div class=\"cards\">\n                                                                                                                                    <div class=\"card\">\n                                                                        <div class=\"image\">\n                                                                                                                                                            <img loading=\"lazy\" decoding=\"async\" width=\"1024\" height=\"683\" src=\"https:\/\/www.avanti.swiss\/wp-content\/uploads\/2024\/07\/Foto-EHL-6-1024x683.jpg\" class=\"attachment-large size-large\" alt=\"\" srcset=\"https:\/\/www.avanti.swiss\/wp-content\/uploads\/2024\/07\/Foto-EHL-6-1024x683.jpg 1024w, https:\/\/www.avanti.swiss\/wp-content\/uploads\/2024\/07\/Foto-EHL-6-300x200.jpg 300w, https:\/\/www.avanti.swiss\/wp-content\/uploads\/2024\/07\/Foto-EHL-6-768x512.jpg 768w, https:\/\/www.avanti.swiss\/wp-content\/uploads\/2024\/07\/Foto-EHL-6-1536x1024.jpg 1536w, https:\/\/www.avanti.swiss\/wp-content\/uploads\/2024\/07\/Foto-EHL-6-2048x1366.jpg 2048w\" sizes=\"auto, (max-width: 1024px) 100vw, 1024px\" \/>                                                                                                                                                    <\/div>\n                                                                        <div class=\"text-and-button\">\n                                                                                                                                                            <div class=\"text\">\n                                                                                    <p>Puoi superare un esame professionale superiore e conseguire un diploma federale in cinque ambiti specifici.<\/p>\n                                                                                <\/div>\n                                                                                                                                                                                                                                        <a href=\"https:\/\/carrierehotelresto.ch\/diplomes\/examens-federaux\/\" class=\"button secondary black-text\" target=\"_blank\" rel=\"noopener\"><span><svg width=\"47\" height=\"29\" viewBox=\"0 0 47 29\" fill=\"none\" xmlns=\"http:\/\/www.w3.org\/2000\/svg\">\n<path d=\"M3.5 14.793L43.5 14.793\" stroke=\"#FFED00\" stroke-width=\"6\" stroke-linecap=\"round\" stroke-linejoin=\"round\"\/>\n<path d=\"M32.5 3.79297L43.5 14.793L32.5 25.793\" stroke=\"#FFED00\" stroke-width=\"6\" stroke-linecap=\"round\" stroke-linejoin=\"round\"\/>\n<\/svg>\n<span>Scopri di pi\u00f9 sugli esami professionali superiori<\/span><\/span><\/a>                                                                                                                                                    <\/div>\n                                                                    <\/div>\n                                                                                                                            <\/div>\n                                                                                                            <\/div>\n                                                                                                                                    <\/div>\n                                                                            <div class=\"section\" id=\"il-tuo-futuro-la-tua-carriera-scuole-specializzate-superiori-scuola-alberghiera\">\n                                                                                                                                                <div class=\"subsection\">\n                                                                                                                    <h2 class=\"title\">Scuole specializzate superiori \/ Scuola alberghiera<\/h2>\n                                                                                                                                                                            <div class=\"text\">\n                                                                <p>Vorresti assumere responsabilit\u00e0 direttive o in un ambito specifico? Le proposte delle scuole specializzate superiori sono la scelta giusta per te!<\/p>\n                                                            <\/div>\n                                                                                                                                                                            <div class=\"cards\">\n                                                                                                                                    <div class=\"card\">\n                                                                        <div class=\"image\">\n                                                                                                                                                            <img loading=\"lazy\" decoding=\"async\" width=\"1024\" height=\"683\" src=\"https:\/\/www.avanti.swiss\/wp-content\/uploads\/2024\/07\/Foto-EHL_3-1-1024x683.jpg\" class=\"attachment-large size-large\" alt=\"\" srcset=\"https:\/\/www.avanti.swiss\/wp-content\/uploads\/2024\/07\/Foto-EHL_3-1-1024x683.jpg 1024w, https:\/\/www.avanti.swiss\/wp-content\/uploads\/2024\/07\/Foto-EHL_3-1-300x200.jpg 300w, https:\/\/www.avanti.swiss\/wp-content\/uploads\/2024\/07\/Foto-EHL_3-1-768x512.jpg 768w, https:\/\/www.avanti.swiss\/wp-content\/uploads\/2024\/07\/Foto-EHL_3-1-1536x1024.jpg 1536w, https:\/\/www.avanti.swiss\/wp-content\/uploads\/2024\/07\/Foto-EHL_3-1-2048x1366.jpg 2048w\" sizes=\"auto, (max-width: 1024px) 100vw, 1024px\" \/>                                                                                                                                                    <\/div>\n                                                                        <div class=\"text-and-button\">\n                                                                                                                                                            <div class=\"text\">\n                                                                                    <p>Nelle scuole alberghiere puoi assolvere la formazione di albergatrice-ristoratrice diplomata SSS \/ albergatore-ristoratore diplomato SSS.<\/p>\n                                                                                <\/div>\n                                                                                                                                                                                                                                        <a href=\"https:\/\/carrieraalberghiera.ch\/diplomi\/scuole-specializzate-superiori\/\" class=\"button secondary black-text\" target=\"_blank\" rel=\"noopener\"><span><svg width=\"47\" height=\"29\" viewBox=\"0 0 47 29\" fill=\"none\" xmlns=\"http:\/\/www.w3.org\/2000\/svg\">\n<path d=\"M3.5 14.793L43.5 14.793\" stroke=\"#FFED00\" stroke-width=\"6\" stroke-linecap=\"round\" stroke-linejoin=\"round\"\/>\n<path d=\"M32.5 3.79297L43.5 14.793L32.5 25.793\" stroke=\"#FFED00\" stroke-width=\"6\" stroke-linecap=\"round\" stroke-linejoin=\"round\"\/>\n<\/svg>\n<span>Saperne di pi\u00f9 sulla formazione<\/span><\/span><\/a>                                                                                                                                                    <\/div>\n                                                                    <\/div>\n                                                                                                                                    <div class=\"card\">\n                                                                        <div class=\"image\">\n                                                                                                                                                            <img loading=\"lazy\" decoding=\"async\" width=\"1024\" height=\"683\" src=\"https:\/\/www.avanti.swiss\/wp-content\/uploads\/2024\/07\/Foto-EHL-5-1024x683.jpg\" class=\"attachment-large size-large\" alt=\"\" srcset=\"https:\/\/www.avanti.swiss\/wp-content\/uploads\/2024\/07\/Foto-EHL-5-1024x683.jpg 1024w, https:\/\/www.avanti.swiss\/wp-content\/uploads\/2024\/07\/Foto-EHL-5-300x200.jpg 300w, https:\/\/www.avanti.swiss\/wp-content\/uploads\/2024\/07\/Foto-EHL-5-768x512.jpg 768w, https:\/\/www.avanti.swiss\/wp-content\/uploads\/2024\/07\/Foto-EHL-5-1536x1024.jpg 1536w, https:\/\/www.avanti.swiss\/wp-content\/uploads\/2024\/07\/Foto-EHL-5-2048x1366.jpg 2048w\" sizes=\"auto, (max-width: 1024px) 100vw, 1024px\" \/>                                                                                                                                                    <\/div>\n                                                                        <div class=\"text-and-button\">\n                                                                                                                                                            <div class=\"text\">\n                                                                                    <p>Un\u2019altra possibilit\u00e0 per specializzarsi \u00e8 la formazione di manager d\u2019albergo SPD SSS. Per accedervi devi essere titolare di un diploma di una scuola specializzata superiore, aver superato un esame professionale superiore o un esame di professione e poter dimostrare tre o quattro anni di esperienza professionale. <\/p>\n                                                                                <\/div>\n                                                                                                                                                                                                                                        <a href=\"https:\/\/carrieraalberghiera.ch\/diplomi\/scuole-specializzate-superiori\/spd-sss-hotelmanagement\/nachdiplomstudium-hf-hotelmanagement-it-it\/\" class=\"button secondary black-text\" target=\"_blank\" rel=\"noopener\"><span><svg width=\"47\" height=\"29\" viewBox=\"0 0 47 29\" fill=\"none\" xmlns=\"http:\/\/www.w3.org\/2000\/svg\">\n<path d=\"M3.5 14.793L43.5 14.793\" stroke=\"#FFED00\" stroke-width=\"6\" stroke-linecap=\"round\" stroke-linejoin=\"round\"\/>\n<path d=\"M32.5 3.79297L43.5 14.793L32.5 25.793\" stroke=\"#FFED00\" stroke-width=\"6\" stroke-linecap=\"round\" stroke-linejoin=\"round\"\/>\n<\/svg>\n<span>Saperne di pi\u00f9 sull\u2019SPD SSS<\/span><\/span><\/a>                                                                                                                                                    <\/div>\n                                                                    <\/div>\n                                                                                                                            <\/div>\n                                                                                                            <\/div>\n                                                                                                                                    <\/div>\n                                                                            <div class=\"section\" id=\"il-tuo-futuro-la-tua-carriera-studio-postdiploma-spd-sss\">\n                                                                                                                                                <div class=\"subsection\">\n                                                                                                                    <h2 class=\"title\">Studio postdiploma SPD SSS<\/h2>\n                                                                                                                                                                            <div class=\"text\">\n                                                                <p>I programmi di formazione continua della Scuola alberghiera di Ginevra danno accesso a un livello superiore della carriera nel settore alberghiero. Sono fatti su misura per le professioniste e i professionisti che vogliono distinguersi per la capacit\u00e0 di anticipare le tendenze del settore e affrontare con grinta le sfide future.<\/p>\n                                                            <\/div>\n                                                                                                                                                                            <div class=\"cards\">\n                                                                                                                                    <div class=\"card\">\n                                                                        <div class=\"image\">\n                                                                                                                                                            <img loading=\"lazy\" decoding=\"async\" width=\"1024\" height=\"683\" src=\"https:\/\/www.avanti.swiss\/wp-content\/uploads\/2024\/07\/Foto-EHL-7-1024x683.jpg\" class=\"attachment-large size-large\" alt=\"\" srcset=\"https:\/\/www.avanti.swiss\/wp-content\/uploads\/2024\/07\/Foto-EHL-7-1024x683.jpg 1024w, https:\/\/www.avanti.swiss\/wp-content\/uploads\/2024\/07\/Foto-EHL-7-300x200.jpg 300w, https:\/\/www.avanti.swiss\/wp-content\/uploads\/2024\/07\/Foto-EHL-7-768x512.jpg 768w, https:\/\/www.avanti.swiss\/wp-content\/uploads\/2024\/07\/Foto-EHL-7-1536x1024.jpg 1536w, https:\/\/www.avanti.swiss\/wp-content\/uploads\/2024\/07\/Foto-EHL-7-2048x1366.jpg 2048w\" sizes=\"auto, (max-width: 1024px) 100vw, 1024px\" \/>                                                                                                                                                    <\/div>\n                                                                        <div class=\"text-and-button\">\n                                                                                                                                                            <div class=\"text\">\n                                                                                    <p>La Scuola alberghiera di Ginevra propone sei cicli di studio postdiploma. In risposta a un contesto in rapidissima evoluzione. Per promuovere l\u2019innovazione nel business alberghiero.<\/p>\n                                                                                <\/div>\n                                                                                                                                                                                                                                        <a href=\"https:\/\/www.ehg.ch\/en\/swiss-hospitality-school-in-hotel-management\/discover-our-postgraduate-programs\/\" class=\"button secondary black-text\" target=\"_blank\" rel=\"noopener\"><span><svg width=\"47\" height=\"29\" viewBox=\"0 0 47 29\" fill=\"none\" xmlns=\"http:\/\/www.w3.org\/2000\/svg\">\n<path d=\"M3.5 14.793L43.5 14.793\" stroke=\"#FFED00\" stroke-width=\"6\" stroke-linecap=\"round\" stroke-linejoin=\"round\"\/>\n<path d=\"M32.5 3.79297L43.5 14.793L32.5 25.793\" stroke=\"#FFED00\" stroke-width=\"6\" stroke-linecap=\"round\" stroke-linejoin=\"round\"\/>\n<\/svg>\n<span>Saperne di pi\u00f9 sullo studio postdiploma<\/span><\/span><\/a>                                                                                                                                                    <\/div>\n                                                                    <\/div>\n                                                                                                                            <\/div>\n                                                                                                            <\/div>\n                                                                                                                                    <\/div>\n                                                                            <div class=\"section\" id=\"il-tuo-futuro-la-tua-carriera-scuola-universitaria-professionale\">\n                                                                                                                                                <div class=\"subsection\">\n                                                                                                                    <h2 class=\"title\">Scuola universitaria professionale<\/h2>\n                                                                                                                                                                            <div class=\"text\">\n                                                                <p>Come in altri settori, anche in quello alberghiero e della ristorazione puoi conseguire un bachelor o un master. I cicli di studio da assolvere sono proposti dalla EHL Hospitality Business School di Losanna.<\/p>\n                                                            <\/div>\n                                                                                                                                                                            <div class=\"cards\">\n                                                                                                                                    <div class=\"card\">\n                                                                        <div class=\"image\">\n                                                                                                                                                            <img loading=\"lazy\" decoding=\"async\" width=\"1024\" height=\"684\" src=\"https:\/\/www.avanti.swiss\/wp-content\/uploads\/2024\/07\/Foto_EHL_2-1024x684.jpg\" class=\"attachment-large size-large\" alt=\"\" srcset=\"https:\/\/www.avanti.swiss\/wp-content\/uploads\/2024\/07\/Foto_EHL_2-1024x684.jpg 1024w, https:\/\/www.avanti.swiss\/wp-content\/uploads\/2024\/07\/Foto_EHL_2-300x200.jpg 300w, https:\/\/www.avanti.swiss\/wp-content\/uploads\/2024\/07\/Foto_EHL_2-768x513.jpg 768w, https:\/\/www.avanti.swiss\/wp-content\/uploads\/2024\/07\/Foto_EHL_2-1536x1025.jpg 1536w, https:\/\/www.avanti.swiss\/wp-content\/uploads\/2024\/07\/Foto_EHL_2-2048x1367.jpg 2048w\" sizes=\"auto, (max-width: 1024px) 100vw, 1024px\" \/>                                                                                                                                                    <\/div>\n                                                                        <div class=\"text-and-button\">\n                                                                                                                                                            <div class=\"text\">\n                                                                                    <p>Per accedere al ciclo di studio bachelor della EHL Hospitality Business School di Losanna devi aver assolto una formazione professionale di base con maturit\u00e0 professionale o essere titolare di una maturit\u00e0 liceale e poter dimostrare un anno di esperienza professionale.<\/p>\n                                                                                <\/div>\n                                                                                                                                                                                                                                        <a href=\"https:\/\/carrieraalberghiera.ch\/diplomi\/scuola-universitaria-professionale\/bachelor-scuola-alberghiera-lausanne\/\" class=\"button secondary black-text\" target=\"_blank\" rel=\"noopener\"><span><svg width=\"47\" height=\"29\" viewBox=\"0 0 47 29\" fill=\"none\" xmlns=\"http:\/\/www.w3.org\/2000\/svg\">\n<path d=\"M3.5 14.793L43.5 14.793\" stroke=\"#FFED00\" stroke-width=\"6\" stroke-linecap=\"round\" stroke-linejoin=\"round\"\/>\n<path d=\"M32.5 3.79297L43.5 14.793L32.5 25.793\" stroke=\"#FFED00\" stroke-width=\"6\" stroke-linecap=\"round\" stroke-linejoin=\"round\"\/>\n<\/svg>\n<span>Saperne di pi\u00f9 sul programma di bachelor<\/span><\/span><\/a>                                                                                                                                                    <\/div>\n                                                                    <\/div>\n                                                                                                                                    <div class=\"card\">\n                                                                        <div class=\"image\">\n                                                                                                                                                            <img loading=\"lazy\" decoding=\"async\" width=\"1024\" height=\"684\" src=\"https:\/\/www.avanti.swiss\/wp-content\/uploads\/2024\/07\/Foto_EHL_1-1024x684.jpg\" class=\"attachment-large size-large\" alt=\"\" srcset=\"https:\/\/www.avanti.swiss\/wp-content\/uploads\/2024\/07\/Foto_EHL_1-1024x684.jpg 1024w, https:\/\/www.avanti.swiss\/wp-content\/uploads\/2024\/07\/Foto_EHL_1-300x200.jpg 300w, https:\/\/www.avanti.swiss\/wp-content\/uploads\/2024\/07\/Foto_EHL_1-768x513.jpg 768w, https:\/\/www.avanti.swiss\/wp-content\/uploads\/2024\/07\/Foto_EHL_1-1536x1025.jpg 1536w, https:\/\/www.avanti.swiss\/wp-content\/uploads\/2024\/07\/Foto_EHL_1-2048x1367.jpg 2048w\" sizes=\"auto, (max-width: 1024px) 100vw, 1024px\" \/>                                                                                                                                                    <\/div>\n                                                                        <div class=\"text-and-button\">\n                                                                                                                                                            <div class=\"text\">\n                                                                                    <p>Per iniziare uno studio a livello di master in una scuola universitaria professionale devi disporre di un bachelor o di un diploma universitario equivalente.<\/p>\n                                                                                <\/div>\n                                                                                                                                                                                                                                        <a href=\"https:\/\/carrieraalberghiera.ch\/diplomi\/scuola-universitaria-professionale\/master-scuola-alberghiera-lausanne\/\" class=\"button secondary black-text\" target=\"_blank\" rel=\"noopener\"><span><svg width=\"47\" height=\"29\" viewBox=\"0 0 47 29\" fill=\"none\" xmlns=\"http:\/\/www.w3.org\/2000\/svg\">\n<path d=\"M3.5 14.793L43.5 14.793\" stroke=\"#FFED00\" stroke-width=\"6\" stroke-linecap=\"round\" stroke-linejoin=\"round\"\/>\n<path d=\"M32.5 3.79297L43.5 14.793L32.5 25.793\" stroke=\"#FFED00\" stroke-width=\"6\" stroke-linecap=\"round\" stroke-linejoin=\"round\"\/>\n<\/svg>\n<span>Saperne di pi\u00f9 sul programma di master<\/span><\/span><\/a>                                                                                                                                                    <\/div>\n                                                                    <\/div>\n                                                                                                                            <\/div>\n                                                                                                            <\/div>\n                                                                                                                                    <\/div>\n                                                                            <div class=\"section\" id=\"il-tuo-futuro-la-tua-carriera-cas\">\n                                                                                                                                                <div class=\"subsection\">\n                                                                                                                    <h2 class=\"title\">Certificate of Advanced Studies (CAS)<\/h2>\n                                                                                                                                                                            <div class=\"text\">\n                                                                <p>Il Certificate of Advanced Studies (CAS) \u00e8 un programma di studi avanzati che risponde in modo mirato alle esigenze dei professionisti. Con la sua struttura modulare, assicura una specializzazione molto approfondita in un determinato ambito.<\/p>\n                                                            <\/div>\n                                                                                                                                                                            <div class=\"cards\">\n                                                                                                                                    <div class=\"card\">\n                                                                        <div class=\"image\">\n                                                                                                                                                            <img loading=\"lazy\" decoding=\"async\" width=\"1024\" height=\"683\" src=\"https:\/\/www.avanti.swiss\/wp-content\/uploads\/2024\/07\/AdobeStock_135359927-1024x683.jpeg\" class=\"attachment-large size-large\" alt=\"\" srcset=\"https:\/\/www.avanti.swiss\/wp-content\/uploads\/2024\/07\/AdobeStock_135359927-1024x683.jpeg 1024w, https:\/\/www.avanti.swiss\/wp-content\/uploads\/2024\/07\/AdobeStock_135359927-300x200.jpeg 300w, https:\/\/www.avanti.swiss\/wp-content\/uploads\/2024\/07\/AdobeStock_135359927-768x512.jpeg 768w, https:\/\/www.avanti.swiss\/wp-content\/uploads\/2024\/07\/AdobeStock_135359927-1536x1024.jpeg 1536w, https:\/\/www.avanti.swiss\/wp-content\/uploads\/2024\/07\/AdobeStock_135359927-2048x1365.jpeg 2048w\" sizes=\"auto, (max-width: 1024px) 100vw, 1024px\" \/>                                                                                                                                                    <\/div>\n                                                                        <div class=\"text-and-button\">\n                                                                                                                                                            <div class=\"text\">\n                                                                                    <p>Il Certificate in Excellence in Gastronomy ti prepara ad affrontare con successo le sfide del futuro. Ti fornisce gli strumenti necessari per influenzare positivamente l\u2019esperienza cliente attraverso la leadership, l\u2019innovazione e la digitalizzazione.<\/p>\n                                                                                <\/div>\n                                                                                                                                                                                                                                        <a href=\"https:\/\/gastrosuisse.ch\/de\/bildung\/gastro-unternehmerausbildung\/cas-excellence-in-gastronomy\/\" class=\"button secondary black-text\" target=\"_blank\" rel=\"noopener\"><span><svg width=\"47\" height=\"29\" viewBox=\"0 0 47 29\" fill=\"none\" xmlns=\"http:\/\/www.w3.org\/2000\/svg\">\n<path d=\"M3.5 14.793L43.5 14.793\" stroke=\"#FFED00\" stroke-width=\"6\" stroke-linecap=\"round\" stroke-linejoin=\"round\"\/>\n<path d=\"M32.5 3.79297L43.5 14.793L32.5 25.793\" stroke=\"#FFED00\" stroke-width=\"6\" stroke-linecap=\"round\" stroke-linejoin=\"round\"\/>\n<\/svg>\n<span>Saperne di pi\u00f9 sul CAS<\/span><\/span><\/a>                                                                                                                                                    <\/div>\n                                                                    <\/div>\n                                                                                                                            <\/div>\n                                                                                                            <\/div>\n                                                                                                                                    <\/div>\n                                                                            <div class=\"section\" id=\"il-tuo-futuro-la-tua-carriera-formazione-continua\">\n                                                                                                                                                <div class=\"subsection\">\n                                                                                                                    <h2 class=\"title\">Formazione continua<\/h2>\n                                                                                                                                                                            <div class=\"text\">\n                                                                <p>Il mondo del lavoro \u00e8 in continua evoluzione. Di pari passo cambiano anche le esigenze poste ai datori di lavoro e ai dipendenti. Che si tratti di corsi e seminari formali o di opportunit\u00e0 di apprendimento informali, con la formazione continua sei sempre al passo con i tempi e migliori le tue possibilit\u00e0 di carriera.<\/p>\n                                                            <\/div>\n                                                                                                                                                                            <div class=\"cards\">\n                                                                                                                                    <div class=\"card\">\n                                                                        <div class=\"image\">\n                                                                                                                                                            <img loading=\"lazy\" decoding=\"async\" width=\"1024\" height=\"683\" src=\"https:\/\/www.avanti.swiss\/wp-content\/uploads\/2024\/07\/AdobeStock_332702270-1024x683.jpeg\" class=\"attachment-large size-large\" alt=\"\" srcset=\"https:\/\/www.avanti.swiss\/wp-content\/uploads\/2024\/07\/AdobeStock_332702270-1024x683.jpeg 1024w, https:\/\/www.avanti.swiss\/wp-content\/uploads\/2024\/07\/AdobeStock_332702270-300x200.jpeg 300w, https:\/\/www.avanti.swiss\/wp-content\/uploads\/2024\/07\/AdobeStock_332702270-768x512.jpeg 768w, https:\/\/www.avanti.swiss\/wp-content\/uploads\/2024\/07\/AdobeStock_332702270-1536x1024.jpeg 1536w, https:\/\/www.avanti.swiss\/wp-content\/uploads\/2024\/07\/AdobeStock_332702270-2048x1365.jpeg 2048w\" sizes=\"auto, (max-width: 1024px) 100vw, 1024px\" \/>                                                                                                                                                    <\/div>\n                                                                        <div class=\"text-and-button\">\n                                                                                                                                                            <div class=\"text\">\n                                                                                    <p>I seminari e i laboratori ti permettono di acquisire in poco tempo conoscenze approfondite in un ambito specifico e di conseguire un certificato. Una soluzione perfetta per l\u2019apprendimento permanente.<\/p>\n                                                                                <\/div>\n                                                                                                                                                                                                                                        <a href=\"https:\/\/carrieraalberghiera.ch\/corsi-formazione\/corsi-formazione\/\" class=\"button secondary black-text\" target=\"_blank\" rel=\"noopener\"><span><svg width=\"47\" height=\"29\" viewBox=\"0 0 47 29\" fill=\"none\" xmlns=\"http:\/\/www.w3.org\/2000\/svg\">\n<path d=\"M3.5 14.793L43.5 14.793\" stroke=\"#FFED00\" stroke-width=\"6\" stroke-linecap=\"round\" stroke-linejoin=\"round\"\/>\n<path d=\"M32.5 3.79297L43.5 14.793L32.5 25.793\" stroke=\"#FFED00\" stroke-width=\"6\" stroke-linecap=\"round\" stroke-linejoin=\"round\"\/>\n<\/svg>\n<span>Ai seminari e laboratori<\/span><\/span><\/a>                                                                                                                                                    <\/div>\n                                                                    <\/div>\n                                                                                                                                    <div class=\"card\">\n                                                                        <div class=\"image\">\n                                                                                                                                                            <img loading=\"lazy\" decoding=\"async\" width=\"1024\" height=\"576\" src=\"https:\/\/www.avanti.swiss\/wp-content\/uploads\/2024\/07\/G2_GUA__fb_ImmageBild_ohneClaim-1024x576.jpg\" class=\"attachment-large size-large\" alt=\"\" srcset=\"https:\/\/www.avanti.swiss\/wp-content\/uploads\/2024\/07\/G2_GUA__fb_ImmageBild_ohneClaim-1024x576.jpg 1024w, https:\/\/www.avanti.swiss\/wp-content\/uploads\/2024\/07\/G2_GUA__fb_ImmageBild_ohneClaim-300x169.jpg 300w, https:\/\/www.avanti.swiss\/wp-content\/uploads\/2024\/07\/G2_GUA__fb_ImmageBild_ohneClaim-768x432.jpg 768w, https:\/\/www.avanti.swiss\/wp-content\/uploads\/2024\/07\/G2_GUA__fb_ImmageBild_ohneClaim-1536x864.jpg 1536w, https:\/\/www.avanti.swiss\/wp-content\/uploads\/2024\/07\/G2_GUA__fb_ImmageBild_ohneClaim-2048x1152.jpg 2048w\" sizes=\"auto, (max-width: 1024px) 100vw, 1024px\" \/>                                                                                                                                                    <\/div>\n                                                                        <div class=\"text-and-button\">\n                                                                                                                                                            <div class=\"text\">\n                                                                                    <p>La formazione per esercenti albergatori\/trici \u00e8 di taglio pratico e di immediata spendibilit\u00e0. In tre fasi acquisisci basi importanti che ti permettono di dirigere un\u2019azienda di dimensioni medio-piccole in base a principi imprenditoriali.<\/p>\n                                                                                <\/div>\n                                                                                                                                                                                                                                        <a href=\"https:\/\/gastrosuisse.ch\/it\/formazione\/formazione-responsabili\" class=\"button secondary black-text\" target=\"_blank\" rel=\"noopener\"><span><svg width=\"47\" height=\"29\" viewBox=\"0 0 47 29\" fill=\"none\" xmlns=\"http:\/\/www.w3.org\/2000\/svg\">\n<path d=\"M3.5 14.793L43.5 14.793\" stroke=\"#FFED00\" stroke-width=\"6\" stroke-linecap=\"round\" stroke-linejoin=\"round\"\/>\n<path d=\"M32.5 3.79297L43.5 14.793L32.5 25.793\" stroke=\"#FFED00\" stroke-width=\"6\" stroke-linecap=\"round\" stroke-linejoin=\"round\"\/>\n<\/svg>\n<span>Saperne di pi\u00f9 sulla formazione per esercenti albergatori\/trici<\/span><\/span><\/a>                                                                                                                                                    <\/div>\n                                                                    <\/div>\n                                                                                                                            <\/div>\n                                                                                                            <\/div>\n                                                                                                                                    <\/div>\n                                                                            <div class=\"section\" id=\"il-tuo-futuro-la-tua-carriera-cambiamento-di-carriera\">\n                                                                                                                                                <div class=\"subsection\">\n                                                                                                                    <h2 class=\"title\">Cambiamento di carriera<\/h2>\n                                                                                                                                                                            <div class=\"text\">\n                                                                <p>Un nuovo inizio nell\u2019albergheria-ristorazione?<br \/>\nL\u2019albergheria-ristorazione offre formazioni che schiudono nuove prospettive anche a chi proviene da altri settori. Senza prerequisiti. <\/p>\n                                                            <\/div>\n                                                                                                                                                                            <div class=\"cards\">\n                                                                                                                                    <div class=\"card\">\n                                                                        <div class=\"image\">\n                                                                                                                                                            <img loading=\"lazy\" decoding=\"async\" width=\"683\" height=\"1024\" src=\"https:\/\/www.avanti.swiss\/wp-content\/uploads\/2024\/07\/john-fornander-jJIb2e7Jkcs-unsplash-683x1024.jpg\" class=\"attachment-large size-large\" alt=\"\" srcset=\"https:\/\/www.avanti.swiss\/wp-content\/uploads\/2024\/07\/john-fornander-jJIb2e7Jkcs-unsplash-683x1024.jpg 683w, https:\/\/www.avanti.swiss\/wp-content\/uploads\/2024\/07\/john-fornander-jJIb2e7Jkcs-unsplash-200x300.jpg 200w, https:\/\/www.avanti.swiss\/wp-content\/uploads\/2024\/07\/john-fornander-jJIb2e7Jkcs-unsplash-768x1151.jpg 768w, https:\/\/www.avanti.swiss\/wp-content\/uploads\/2024\/07\/john-fornander-jJIb2e7Jkcs-unsplash-1025x1536.jpg 1025w, https:\/\/www.avanti.swiss\/wp-content\/uploads\/2024\/07\/john-fornander-jJIb2e7Jkcs-unsplash-1366x2048.jpg 1366w, https:\/\/www.avanti.swiss\/wp-content\/uploads\/2024\/07\/john-fornander-jJIb2e7Jkcs-unsplash-scaled.jpg 1708w\" sizes=\"auto, (max-width: 683px) 100vw, 683px\" \/>                                                                                                                                                    <\/div>\n                                                                        <div class=\"text-and-button\">\n                                                                                                                                                            <div class=\"text\">\n                                                                                    <p>Futuro professionale con Progresso<br \/>\nCon Progresso e le sue formazioni agevolate di taglio pratico dai inizio alla tua carriera nell\u2019albergheria-ristorazione. <\/p>\n                                                                                <\/div>\n                                                                                                                                                                                                                                        <a href=\"https:\/\/il-mio-progresso.ch\/?\" class=\"button secondary black-text\" target=\"_blank\" rel=\"noopener\"><span><svg width=\"47\" height=\"29\" viewBox=\"0 0 47 29\" fill=\"none\" xmlns=\"http:\/\/www.w3.org\/2000\/svg\">\n<path d=\"M3.5 14.793L43.5 14.793\" stroke=\"#FFED00\" stroke-width=\"6\" stroke-linecap=\"round\" stroke-linejoin=\"round\"\/>\n<path d=\"M32.5 3.79297L43.5 14.793L32.5 25.793\" stroke=\"#FFED00\" stroke-width=\"6\" stroke-linecap=\"round\" stroke-linejoin=\"round\"\/>\n<\/svg>\n<span>Informati subito! <\/span><\/span><\/a>                                                                                                                                                    <\/div>\n                                                                    <\/div>\n                                                                                                                                    <div class=\"card\">\n                                                                        <div class=\"image\">\n                                                                                                                                                            <img loading=\"lazy\" decoding=\"async\" width=\"1024\" height=\"683\" src=\"https:\/\/www.avanti.swiss\/wp-content\/uploads\/2024\/05\/trio-3-1024x683.jpeg\" class=\"attachment-large size-large\" alt=\"\" srcset=\"https:\/\/www.avanti.swiss\/wp-content\/uploads\/2024\/05\/trio-3-1024x683.jpeg 1024w, https:\/\/www.avanti.swiss\/wp-content\/uploads\/2024\/05\/trio-3-300x200.jpeg 300w, https:\/\/www.avanti.swiss\/wp-content\/uploads\/2024\/05\/trio-3-768x512.jpeg 768w, https:\/\/www.avanti.swiss\/wp-content\/uploads\/2024\/05\/trio-3-1536x1024.jpeg 1536w, https:\/\/www.avanti.swiss\/wp-content\/uploads\/2024\/05\/trio-3-2048x1365.jpeg 2048w\" sizes=\"auto, (max-width: 1024px) 100vw, 1024px\" \/>                                                                                                                                                    <\/div>\n                                                                        <div class=\"text-and-button\">\n                                                                                                                                                            <div class=\"text\">\n                                                                                    <p>Formazione continua per tutti<br \/>\nFormazione inclusa rende le professioni dell\u2019albergheria-ristorazione accessibili a tutti. Scopri nuove opportunit\u00e0! <\/p>\n                                                                                <\/div>\n                                                                                                                                                                                                                                        <a href=\"https:\/\/formazione-inclusa.ch\/\" class=\"button secondary black-text\" target=\"_blank\" rel=\"noopener\"><span><svg width=\"47\" height=\"29\" viewBox=\"0 0 47 29\" fill=\"none\" xmlns=\"http:\/\/www.w3.org\/2000\/svg\">\n<path d=\"M3.5 14.793L43.5 14.793\" stroke=\"#FFED00\" stroke-width=\"6\" stroke-linecap=\"round\" stroke-linejoin=\"round\"\/>\n<path d=\"M32.5 3.79297L43.5 14.793L32.5 25.793\" stroke=\"#FFED00\" stroke-width=\"6\" stroke-linecap=\"round\" stroke-linejoin=\"round\"\/>\n<\/svg>\n<span>Informati subito! <\/span><\/span><\/a>                                                                                                                                                    <\/div>\n                                                                    <\/div>\n                                                                                                                            <\/div>\n                                                                                                            <\/div>\n                                                                                                                                    <\/div>\n                                                                                                <\/div>\n                        <\/div>\n                    <\/div>\n                                                        <div class=\"tab-content \" id=\"il-futuro-del-settore\">\n                        <div class=\"row\">\n                            <div class=\"col-12 col-md-5 col-lg-4 col-xl-3 col-xxl-3 col-xxxl-3\">\n                                <div class=\"nav-wrapper\">\n                                    <div class=\"nav\">\n                                                                                                                                                                                                                                <a class=\"nav-item active\" href=\"#il-futuro-del-settore-trend-alimentari\">Trend alimentari<\/a>\n                                                                                                                                                                                                                                                    <a class=\"nav-item \" href=\"#il-futuro-del-settore-la-tecnologia-nella-ristorazione\">La tecnologia nella ristorazione<\/a>\n                                                                                                                                                                                                                                                    <a class=\"nav-item \" href=\"#il-futuro-del-settore-strumenti-tecnologici-nel-settore-alberghiero\">Strumenti tecnologici nel settore alberghiero<\/a>\n                                                                                                                                                                                                                            <\/div>\n                                <\/div>\n                            <\/div>\n                            <div class=\"col-12 col-md-7 col-lg-8 col-xl-9 col-xxl-8 col-xxxl-7\">\n                                                                                                            <div class=\"section\" id=\"il-futuro-del-settore-trend-alimentari\">\n                                                                                                                                                <div class=\"subsection\">\n                                                                                                                    <h2 class=\"title\">Trend alimentari<\/h2>\n                                                                                                                                                                            <div class=\"text\">\n                                                                <p>Queste tendenze sono importanti perch\u00e9 rendono l\u2019alimentazione pi\u00f9 sana e interessante, preservano l\u2019ambiente e stimolano la creativit\u00e0 inducendo a sperimentare nuove idee. Seguile per scoprire cosa ci riserva il futuro!<\/p>\n                                                            <\/div>\n                                                                                                                                                                            <div class=\"cards\">\n                                                                                                                                    <div class=\"card\">\n                                                                        <div class=\"image\">\n                                                                                                                                                            <img loading=\"lazy\" decoding=\"async\" width=\"786\" height=\"404\" src=\"https:\/\/www.avanti.swiss\/wp-content\/uploads\/2024\/07\/gastrosuisse-foodtrends-1-1.jpg\" class=\"attachment-large size-large\" alt=\"\" srcset=\"https:\/\/www.avanti.swiss\/wp-content\/uploads\/2024\/07\/gastrosuisse-foodtrends-1-1.jpg 786w, https:\/\/www.avanti.swiss\/wp-content\/uploads\/2024\/07\/gastrosuisse-foodtrends-1-1-300x154.jpg 300w, https:\/\/www.avanti.swiss\/wp-content\/uploads\/2024\/07\/gastrosuisse-foodtrends-1-1-768x395.jpg 768w\" sizes=\"auto, (max-width: 786px) 100vw, 786px\" \/>                                                                                                                                                    <\/div>\n                                                                        <div class=\"text-and-button\">\n                                                                                                                                                            <div class=\"text\">\n                                                                                    <p>La nuova edizione del Food Report pubblicata dallo Zukunftsinstitut spiega quali tendenze hanno un\u2019impronta particolarmente dinamica.<\/p>\n                                                                                <\/div>\n                                                                                                                                                                                                                                        <a href=\"https:\/\/gastrosuisse.ch\/it\/settore\/ristorazione\/foodtrends\" class=\"button secondary black-text\" target=\"_blank\" rel=\"noopener\"><span><svg width=\"47\" height=\"29\" viewBox=\"0 0 47 29\" fill=\"none\" xmlns=\"http:\/\/www.w3.org\/2000\/svg\">\n<path d=\"M3.5 14.793L43.5 14.793\" stroke=\"#FFED00\" stroke-width=\"6\" stroke-linecap=\"round\" stroke-linejoin=\"round\"\/>\n<path d=\"M32.5 3.79297L43.5 14.793L32.5 25.793\" stroke=\"#FFED00\" stroke-width=\"6\" stroke-linecap=\"round\" stroke-linejoin=\"round\"\/>\n<\/svg>\n<span>Scopri di pi\u00f9 sulle tendenze alimentari<\/span><\/span><\/a>                                                                                                                                                    <\/div>\n                                                                    <\/div>\n                                                                                                                                    <div class=\"card\">\n                                                                        <div class=\"image\">\n                                                                                                                                                            <img loading=\"lazy\" decoding=\"async\" width=\"786\" height=\"404\" src=\"https:\/\/www.avanti.swiss\/wp-content\/uploads\/2024\/07\/gastrosuisse-foodtrends-4-1-e1721727960194.jpg\" class=\"attachment-large size-large\" alt=\"\" \/>                                                                                                                                                    <\/div>\n                                                                        <div class=\"text-and-button\">\n                                                                                                                                                            <div class=\"text\">\n                                                                                    <p>Cocktail rinfrescanti, caff\u00e8 aromatizzati e creazioni senz\u2019alcol: le tendenze 2025 promettono un\u2019ampia gamma di sfiziose novit\u00e0.<\/p>\n                                                                                <\/div>\n                                                                                                                                                                                                                                        <a href=\"https:\/\/www.canable.co\/blog-posts\/6-key-trends-shaping-the-beverage-industry-in-2025\" class=\"button secondary black-text\" target=\"_blank\" rel=\"noopener\"><span><svg width=\"47\" height=\"29\" viewBox=\"0 0 47 29\" fill=\"none\" xmlns=\"http:\/\/www.w3.org\/2000\/svg\">\n<path d=\"M3.5 14.793L43.5 14.793\" stroke=\"#FFED00\" stroke-width=\"6\" stroke-linecap=\"round\" stroke-linejoin=\"round\"\/>\n<path d=\"M32.5 3.79297L43.5 14.793L32.5 25.793\" stroke=\"#FFED00\" stroke-width=\"6\" stroke-linecap=\"round\" stroke-linejoin=\"round\"\/>\n<\/svg>\n<span>Scopri di pi\u00f9 sulle tendenze nel segmento bevande<\/span><\/span><\/a>                                                                                                                                                    <\/div>\n                                                                    <\/div>\n                                                                                                                                    <div class=\"card\">\n                                                                        <div class=\"image\">\n                                                                                                                                                            <img loading=\"lazy\" decoding=\"async\" width=\"748\" height=\"1024\" src=\"https:\/\/www.avanti.swiss\/wp-content\/uploads\/2025\/02\/Avanti_IT_BTS4-748x1024.jpg\" class=\"attachment-large size-large\" alt=\"\" srcset=\"https:\/\/www.avanti.swiss\/wp-content\/uploads\/2025\/02\/Avanti_IT_BTS4-748x1024.jpg 748w, https:\/\/www.avanti.swiss\/wp-content\/uploads\/2025\/02\/Avanti_IT_BTS4-219x300.jpg 219w, https:\/\/www.avanti.swiss\/wp-content\/uploads\/2025\/02\/Avanti_IT_BTS4-768x1051.jpg 768w, https:\/\/www.avanti.swiss\/wp-content\/uploads\/2025\/02\/Avanti_IT_BTS4.jpg 858w\" sizes=\"auto, (max-width: 748px) 100vw, 748px\" \/>                                                                                                                                                    <\/div>\n                                                                        <div class=\"text-and-button\">\n                                                                                                                                                            <div class=\"text\">\n                                                                                    <p>Il GDI mostra come un\u2019innovazione alimentare possa diventare una presenza consolidata nella nostra cultura gastronomica e perch\u00e9 le nostre abitudini stanno cambiando pi\u00f9 velocemente che mai.<\/p>\n                                                                                <\/div>\n                                                                                                                                                                                                                                        <a href=\"https:\/\/gdi.ch\/en\/publications\/studies\/decoding-food-culture-en#attr= \" class=\"button secondary black-text\" target=\"_blank\" rel=\"noopener\"><span><svg width=\"47\" height=\"29\" viewBox=\"0 0 47 29\" fill=\"none\" xmlns=\"http:\/\/www.w3.org\/2000\/svg\">\n<path d=\"M3.5 14.793L43.5 14.793\" stroke=\"#FFED00\" stroke-width=\"6\" stroke-linecap=\"round\" stroke-linejoin=\"round\"\/>\n<path d=\"M32.5 3.79297L43.5 14.793L32.5 25.793\" stroke=\"#FFED00\" stroke-width=\"6\" stroke-linecap=\"round\" stroke-linejoin=\"round\"\/>\n<\/svg>\n<span>Scopri ora i trend dei consumatori<\/span><\/span><\/a>                                                                                                                                                    <\/div>\n                                                                    <\/div>\n                                                                                                                            <\/div>\n                                                                                                            <\/div>\n                                                                                                                                    <\/div>\n                                                                            <div class=\"section\" id=\"il-futuro-del-settore-la-tecnologia-nella-ristorazione\">\n                                                                                                                                                <div class=\"subsection\">\n                                                                                                                    <h2 class=\"title\">La tecnologia nella ristorazione<\/h2>\n                                                                                                                                                                            <div class=\"text\">\n                                                                <p>Il nostro settore si avvale di svariate tecnologie per ottimizzare la gestione e migliorare l\u2019esperienza cliente. Eccone alcune.<\/p>\n                                                            <\/div>\n                                                                                                                                                                            <div class=\"cards\">\n                                                                                                                                    <div class=\"card\">\n                                                                        <div class=\"image\">\n                                                                                                                                                            <img loading=\"lazy\" decoding=\"async\" width=\"1024\" height=\"683\" src=\"https:\/\/www.avanti.swiss\/wp-content\/uploads\/2024\/07\/AdobeStock_127315327-1024x683.jpeg\" class=\"attachment-large size-large\" alt=\"\" srcset=\"https:\/\/www.avanti.swiss\/wp-content\/uploads\/2024\/07\/AdobeStock_127315327-1024x683.jpeg 1024w, https:\/\/www.avanti.swiss\/wp-content\/uploads\/2024\/07\/AdobeStock_127315327-300x200.jpeg 300w, https:\/\/www.avanti.swiss\/wp-content\/uploads\/2024\/07\/AdobeStock_127315327-768x512.jpeg 768w, https:\/\/www.avanti.swiss\/wp-content\/uploads\/2024\/07\/AdobeStock_127315327-1536x1024.jpeg 1536w, https:\/\/www.avanti.swiss\/wp-content\/uploads\/2024\/07\/AdobeStock_127315327-2048x1365.jpeg 2048w\" sizes=\"auto, (max-width: 1024px) 100vw, 1024px\" \/>                                                                                                                                                    <\/div>\n                                                                        <div class=\"text-and-button\">\n                                                                                                                                                            <div class=\"text\">\n                                                                                    <p>I sistemi POS sono essenziali per gestire le ordinazioni, i pagamenti e le scorte. Offrono soluzioni basate sul cloud che permettono di monitorare i dati in tempo reale e di gestirli ovunque ci si trovi.<\/p>\n                                                                                <\/div>\n                                                                                                                                                                                                                                        <a href=\"https:\/\/tech.co\/pos-system\/best-restaurant-pos-systems\" class=\"button secondary black-text\" target=\"_blank\" rel=\"noopener\"><span><svg width=\"47\" height=\"29\" viewBox=\"0 0 47 29\" fill=\"none\" xmlns=\"http:\/\/www.w3.org\/2000\/svg\">\n<path d=\"M3.5 14.793L43.5 14.793\" stroke=\"#FFED00\" stroke-width=\"6\" stroke-linecap=\"round\" stroke-linejoin=\"round\"\/>\n<path d=\"M32.5 3.79297L43.5 14.793L32.5 25.793\" stroke=\"#FFED00\" stroke-width=\"6\" stroke-linecap=\"round\" stroke-linejoin=\"round\"\/>\n<\/svg>\n<span>Saperne di pi\u00f9<\/span><\/span><\/a>                                                                                                                                                    <\/div>\n                                                                    <\/div>\n                                                                                                                                    <div class=\"card\">\n                                                                        <div class=\"image\">\n                                                                                                                                                            <img loading=\"lazy\" decoding=\"async\" width=\"1024\" height=\"684\" src=\"https:\/\/www.avanti.swiss\/wp-content\/uploads\/2024\/07\/Reservation_1-1-1024x684.jpg\" class=\"attachment-large size-large\" alt=\"\" srcset=\"https:\/\/www.avanti.swiss\/wp-content\/uploads\/2024\/07\/Reservation_1-1-1024x684.jpg 1024w, https:\/\/www.avanti.swiss\/wp-content\/uploads\/2024\/07\/Reservation_1-1-300x200.jpg 300w, https:\/\/www.avanti.swiss\/wp-content\/uploads\/2024\/07\/Reservation_1-1-768x513.jpg 768w, https:\/\/www.avanti.swiss\/wp-content\/uploads\/2024\/07\/Reservation_1-1-1536x1026.jpg 1536w, https:\/\/www.avanti.swiss\/wp-content\/uploads\/2024\/07\/Reservation_1-1-2048x1368.jpg 2048w\" sizes=\"auto, (max-width: 1024px) 100vw, 1024px\" \/>                                                                                                                                                    <\/div>\n                                                                        <div class=\"text-and-button\">\n                                                                                                                                                            <div class=\"text\">\n                                                                                    <p>Con i sistemi di prenotazione digitali, i clienti possono riservare tavoli e gestire le loro prenotazioni online. Questi sistemi servono anche a informare la clientela sui posti disponibili e a minimizzare i tempi di attesa.<\/p>\n                                                                                <\/div>\n                                                                                                                                                                                                                                        <a href=\"https:\/\/fleksa.com\/blog\/8-best-restaurant-online-reservation-systems-in-2023\/\" class=\"button secondary black-text\" target=\"_blank\" rel=\"noopener\"><span><svg width=\"47\" height=\"29\" viewBox=\"0 0 47 29\" fill=\"none\" xmlns=\"http:\/\/www.w3.org\/2000\/svg\">\n<path d=\"M3.5 14.793L43.5 14.793\" stroke=\"#FFED00\" stroke-width=\"6\" stroke-linecap=\"round\" stroke-linejoin=\"round\"\/>\n<path d=\"M32.5 3.79297L43.5 14.793L32.5 25.793\" stroke=\"#FFED00\" stroke-width=\"6\" stroke-linecap=\"round\" stroke-linejoin=\"round\"\/>\n<\/svg>\n<span>Saperne di pi\u00f9<\/span><\/span><\/a>                                                                                                                                                    <\/div>\n                                                                    <\/div>\n                                                                                                                            <\/div>\n                                                                                                            <\/div>\n                                                                                                                                    <\/div>\n                                                                            <div class=\"section\" id=\"il-futuro-del-settore-strumenti-tecnologici-nel-settore-alberghiero\">\n                                                                                                                                                <div class=\"subsection\">\n                                                                                                                    <h2 class=\"title\">Strumenti tecnologici nel settore alberghiero<\/h2>\n                                                                                                                                                                            <div class=\"text\">\n                                                                <p>Segui l\u2019evoluzione dei sistemi utilizzati nel settore alberghiero per aumentare l\u2019efficienza, migliorare l\u2019esperienza cliente e restare concorrenziali. Tieni il passo e diventa protagonista del futuro.<\/p>\n                                                            <\/div>\n                                                                                                                                                                            <div class=\"cards\">\n                                                                                                                                    <div class=\"card\">\n                                                                        <div class=\"image\">\n                                                                                                                                                            <img loading=\"lazy\" decoding=\"async\" width=\"1024\" height=\"708\" src=\"https:\/\/www.avanti.swiss\/wp-content\/uploads\/2024\/07\/2024-Hotel-Tech-Ecosystem-Market-Map-1024x708.jpg\" class=\"attachment-large size-large\" alt=\"\" srcset=\"https:\/\/www.avanti.swiss\/wp-content\/uploads\/2024\/07\/2024-Hotel-Tech-Ecosystem-Market-Map-1024x708.jpg 1024w, https:\/\/www.avanti.swiss\/wp-content\/uploads\/2024\/07\/2024-Hotel-Tech-Ecosystem-Market-Map-300x208.jpg 300w, https:\/\/www.avanti.swiss\/wp-content\/uploads\/2024\/07\/2024-Hotel-Tech-Ecosystem-Market-Map-768x531.jpg 768w, https:\/\/www.avanti.swiss\/wp-content\/uploads\/2024\/07\/2024-Hotel-Tech-Ecosystem-Market-Map-1536x1063.jpg 1536w, https:\/\/www.avanti.swiss\/wp-content\/uploads\/2024\/07\/2024-Hotel-Tech-Ecosystem-Market-Map-2048x1417.jpg 2048w\" sizes=\"auto, (max-width: 1024px) 100vw, 1024px\" \/>                                                                                                                                                    <\/div>\n                                                                        <div class=\"text-and-button\">\n                                                                                                                                                            <div class=\"text\">\n                                                                                    <p>Sistemi di facile uso in ambiti quali il back office, il revenue management, il marketing e la gestione dell\u2019esperienza cliente ti consentono di ottimizzare i processi e massimizzare l\u2019efficienza del personale. La market map ti indica quali sono i sistemi pi\u00f9 diffusi.<\/p>\n                                                                                <\/div>\n                                                                                                                                                                                                                                        <a href=\"https:\/\/www.research.hoteltechreport.com\/2024-market-leaders-report\/\" class=\"button secondary black-text\" target=\"_blank\" rel=\"noopener\"><span><svg width=\"47\" height=\"29\" viewBox=\"0 0 47 29\" fill=\"none\" xmlns=\"http:\/\/www.w3.org\/2000\/svg\">\n<path d=\"M3.5 14.793L43.5 14.793\" stroke=\"#FFED00\" stroke-width=\"6\" stroke-linecap=\"round\" stroke-linejoin=\"round\"\/>\n<path d=\"M32.5 3.79297L43.5 14.793L32.5 25.793\" stroke=\"#FFED00\" stroke-width=\"6\" stroke-linecap=\"round\" stroke-linejoin=\"round\"\/>\n<\/svg>\n<span>Saperne di pi\u00f9<\/span><\/span><\/a>                                                                                                                                                    <\/div>\n                                                                    <\/div>\n                                                                                                                            <\/div>\n                                                                                                            <\/div>\n                                                                                                                                    <\/div>\n                                                                                                <\/div>\n                        <\/div>\n                    <\/div>\n                                                        <\/div>\n    <\/div>\n<\/section>\n\n\n\n<section class=\"block block-interviews  gutters\">\n    <div class=\"container\">\n                    <h2 class=\"title big\">Sono tante le strade che portano all\u2019albergheria-ristorazione<\/h2>\n                <div class=\"horizontal-scroll-container cards-wrapper\" data-breakpoint=\"767\" data-cardIndex=\"0\">\n                        <div class=\"cards horizontal-scroll\">\n                                    <div class=\"card horizontal-scroll-item\">\n                        <div class=\"image\">\n                            <img loading=\"lazy\" decoding=\"async\" width=\"683\" height=\"1024\" src=\"https:\/\/www.avanti.swiss\/wp-content\/uploads\/2024\/07\/Adem-Oezuetuerk_022_20240315-683x1024.jpg\" class=\"attachment-large size-large wp-post-image\" alt=\"\" srcset=\"https:\/\/www.avanti.swiss\/wp-content\/uploads\/2024\/07\/Adem-Oezuetuerk_022_20240315-683x1024.jpg 683w, https:\/\/www.avanti.swiss\/wp-content\/uploads\/2024\/07\/Adem-Oezuetuerk_022_20240315-200x300.jpg 200w, https:\/\/www.avanti.swiss\/wp-content\/uploads\/2024\/07\/Adem-Oezuetuerk_022_20240315-768x1152.jpg 768w, https:\/\/www.avanti.swiss\/wp-content\/uploads\/2024\/07\/Adem-Oezuetuerk_022_20240315-1024x1536.jpg 1024w, https:\/\/www.avanti.swiss\/wp-content\/uploads\/2024\/07\/Adem-Oezuetuerk_022_20240315-1365x2048.jpg 1365w, https:\/\/www.avanti.swiss\/wp-content\/uploads\/2024\/07\/Adem-Oezuetuerk_022_20240315-scaled.jpg 1707w\" sizes=\"auto, (max-width: 683px) 100vw, 683px\" \/>                                                            <div class=\"interviewee-wrapper\">\n                                    <div class=\"interviewee\">\n                                        <div class=\"name\">Adem \u00d6z\u00fct\u00fcrk<\/div>\n                                                                                    <div class=\"position\">Il signore del castello<\/div>\n                                                                            <\/div>\n                                <\/div>\n                                                    <\/div>\n                        <div class=\"excerpt\">Da lavapiatti a capo cucina: una carriera nella ristorazione<\/div>\n                        \n                        <div class=\"button-wrapper\">                            \n                            <a href=\"https:\/\/www.avanti.swiss\/it\/interview\/da-lavapiatti-a-signore-del-castello\/\" class=\"button secondary black-text\"><span><svg width=\"47\" height=\"29\" viewBox=\"0 0 47 29\" fill=\"none\" xmlns=\"http:\/\/www.w3.org\/2000\/svg\">\n<path d=\"M3.5 14.793L43.5 14.793\" stroke=\"#FFED00\" stroke-width=\"6\" stroke-linecap=\"round\" stroke-linejoin=\"round\"\/>\n<path d=\"M32.5 3.79297L43.5 14.793L32.5 25.793\" stroke=\"#FFED00\" stroke-width=\"6\" stroke-linecap=\"round\" stroke-linejoin=\"round\"\/>\n<\/svg>\n<span>Scopri di pi\u00f9<\/span><\/span><\/a>                        <\/div>\n                    <\/div>\n                            <\/div>\n        <\/div>\n    <\/div>\n<\/section>","protected":false},"excerpt":{"rendered":"","protected":false},"author":3,"featured_media":978,"parent":0,"menu_order":0,"comment_status":"closed","ping_status":"closed","template":"","meta":{"_acf_changed":false,"footnotes":""},"class_list":["post-1249","page","type-page","status-publish","has-post-thumbnail","hentry"],"acf":[],"_links":{"self":[{"href":"https:\/\/www.avanti.swiss\/it\/wp-json\/wp\/v2\/pages\/1249","targetHints":{"allow":["GET"]}}],"collection":[{"href":"https:\/\/www.avanti.swiss\/it\/wp-json\/wp\/v2\/pages"}],"about":[{"href":"https:\/\/www.avanti.swiss\/it\/wp-json\/wp\/v2\/types\/page"}],"author":[{"embeddable":true,"href":"https:\/\/www.avanti.swiss\/it\/wp-json\/wp\/v2\/users\/3"}],"replies":[{"embeddable":true,"href":"https:\/\/www.avanti.swiss\/it\/wp-json\/wp\/v2\/comments?post=1249"}],"version-history":[{"count":34,"href":"https:\/\/www.avanti.swiss\/it\/wp-json\/wp\/v2\/pages\/1249\/revisions"}],"predecessor-version":[{"id":2355,"href":"https:\/\/www.avanti.swiss\/it\/wp-json\/wp\/v2\/pages\/1249\/revisions\/2355"}],"wp:featuredmedia":[{"embeddable":true,"href":"https:\/\/www.avanti.swiss\/it\/wp-json\/wp\/v2\/media\/978"}],"wp:attachment":[{"href":"https:\/\/www.avanti.swiss\/it\/wp-json\/wp\/v2\/media?parent=1249"}],"curies":[{"name":"wp","href":"https:\/\/api.w.org\/{rel}","templated":true}]}}