{"id":1248,"date":"2024-05-23T10:58:26","date_gmt":"2024-05-23T10:58:26","guid":{"rendered":"https:\/\/www.avanti.swiss\/?page_id=1248"},"modified":"2026-02-18T10:19:02","modified_gmt":"2026-02-18T10:19:02","slug":"avenir","status":"publish","type":"page","link":"https:\/\/www.avanti.swiss\/fr\/avenir\/","title":{"rendered":"Avenir"},"content":{"rendered":"<section class=\"block block-page-hero gutters  zigzag-2 bg-primary\">\n    <div class=\"container-wide\">\n        <div class=\"row\">\n            <div class=\"col-12 col-md-6\">\n                <h1 class=\"title\">L\u2019avenir est synonyme de dynamique, diversit\u00e9 et de possibilit\u00e9s infinies.<\/h1>\n            <\/div>\n            <div class=\"col-12 col-md-6\">\n                <div class=\"description\">\n                    <p>Technologies innovantes et concepts durables: faites partie d\u2019un secteur dynamique, o\u00f9 les id\u00e9es cr\u00e9atives et la passion des h\u00f4teliers-restaurateurs fa\u00e7onnent l\u2019avenir. Puisez de l&rsquo;inspiration dans les multiples facettes de cette branche!<\/p>\n                <\/div>\n            <\/div>\n        <\/div>\n    <\/div>\n<\/section>\n\n\n<section class=\"block block-sticky-tabs gutters \">\n    <div class=\"container-wide\">\n        <div class=\"tabs\">\n                                                                <a class=\"tab active\" href=\"#votre-avenir-votre-carriere\">Votre avenir, votre carri\u00e8re<\/a>\n                                                        <a class=\"tab \" href=\"#lavenir-de-la-branche\">L\u2019avenir de la branche<\/a>\n                                                        <\/div>\n        <div class=\"tabs-content\">\n                                                                <div class=\"tab-content active\" id=\"votre-avenir-votre-carriere\">\n                        <div class=\"row\">\n                            <div class=\"col-12 col-md-5 col-lg-4 col-xl-3 col-xxl-3 col-xxxl-3\">\n                                <div class=\"nav-wrapper\">\n                                    <div class=\"nav\">\n                                                                                                                                                                                                                                <a class=\"nav-item active\" href=\"#votre-avenir-votre-carriere-qualifications-de-base\">Qualifications de base<\/a>\n                                                                                                                                                                                                                                                    <a class=\"nav-item \" href=\"#votre-avenir-votre-carriere-la-formation-de-base\">La formation de base<\/a>\n                                                                                                                                                                                                                                                    <a class=\"nav-item \" href=\"#votre-avenir-votre-carriere-examens-professionnels\">Examens professionnels<\/a>\n                                                                                                                                                                                                                                                    <a class=\"nav-item \" href=\"#votre-avenir-votre-carriere-examens-professionnels-superieurs\">Examens professionnels sup\u00e9rieurs<\/a>\n                                                                                                                                                                                                                                                    <a class=\"nav-item \" href=\"#votre-avenir-votre-carriere-ecoles-superieures-es-ecole-hoteliere\">\u00c9coles sup\u00e9rieures (ES) \/ \u00e9cole h\u00f4teli\u00e8re<\/a>\n                                                                                                                                                                                                                                                    <a class=\"nav-item \" href=\"#votre-avenir-votre-carriere-etude-postdiplome-epd-es\">\u00c9tude postdipl\u00f4me EPD ES<\/a>\n                                                                                                                                                                                                                                                    <a class=\"nav-item \" href=\"#votre-avenir-votre-carriere-ecoles-superieures\">\u00c9coles sup\u00e9rieures<\/a>\n                                                                                                                                                                                                                                                    <a class=\"nav-item \" href=\"#votre-avenir-votre-carriere-cas\"> CAS<\/a>\n                                                                                                                                                                                                                                                    <a class=\"nav-item \" href=\"#votre-avenir-votre-carriere-formations-continues-perfectionnement\">Formations continues\/perfectionnement<\/a>\n                                                                                                                                                                                                                                                    <a class=\"nav-item \" href=\"#votre-avenir-votre-carriere-reconversion-professionnelle\">Reconversion professionnelle<\/a>\n                                                                                                                                                                                                                            <\/div>\n                                <\/div>\n                            <\/div>\n                            <div class=\"col-12 col-md-7 col-lg-8 col-xl-9 col-xxl-8 col-xxxl-7\">\n                                                                                                            <div class=\"section\" id=\"votre-avenir-votre-carriere-qualifications-de-base\">\n                                                                                                                                                <div class=\"subsection\">\n                                                                                                                    <h2 class=\"title\">Qualifications de base<\/h2>\n                                                                                                                                                                            <div class=\"text\">\n                                                                <p>Vous travaillez d\u00e9j\u00e0 dans le domaine de l\u2019h\u00f4tellerie-restauration mais vous n\u2019avez pas encore de formation de base ni de qualification dans le domaine de la restauration? Dans ce cas, les qualifications de base sont exactement ce qu\u2019il vous faut! Nos apprentissages d\u00e9bouchent sur un certificat qui vous ouvre la voie vers une belle carri\u00e8re dans les h\u00f4tels et restaurants en Suisse.<\/p>\n                                                            <\/div>\n                                                                                                                                                                            <div class=\"cards\">\n                                                                                                                                    <div class=\"card\">\n                                                                        <div class=\"image\">\n                                                                                                                                                            <img loading=\"lazy\" decoding=\"async\" width=\"1024\" height=\"683\" src=\"https:\/\/www.avanti.swiss\/wp-content\/uploads\/2024\/07\/Avanti-Zukunft-Deine-Karriere-Basisqualifikation_HOCH-1024x683.jpg\" class=\"attachment-large size-large\" alt=\"\" srcset=\"https:\/\/www.avanti.swiss\/wp-content\/uploads\/2024\/07\/Avanti-Zukunft-Deine-Karriere-Basisqualifikation_HOCH-1024x683.jpg 1024w, https:\/\/www.avanti.swiss\/wp-content\/uploads\/2024\/07\/Avanti-Zukunft-Deine-Karriere-Basisqualifikation_HOCH-300x200.jpg 300w, https:\/\/www.avanti.swiss\/wp-content\/uploads\/2024\/07\/Avanti-Zukunft-Deine-Karriere-Basisqualifikation_HOCH-768x512.jpg 768w, https:\/\/www.avanti.swiss\/wp-content\/uploads\/2024\/07\/Avanti-Zukunft-Deine-Karriere-Basisqualifikation_HOCH-1536x1025.jpg 1536w, https:\/\/www.avanti.swiss\/wp-content\/uploads\/2024\/07\/Avanti-Zukunft-Deine-Karriere-Basisqualifikation_HOCH-2048x1366.jpg 2048w\" sizes=\"auto, (max-width: 1024px) 100vw, 1024px\" \/>                                                                                                                                                    <\/div>\n                                                                        <div class=\"text-and-button\">\n                                                                                                                                                            <div class=\"text\">\n                                                                                    <p>Les qualifications de base peuvent \u00eatre obtenues dans les domaines d\u2019activit\u00e9 suivants: intendance\/\u00e9conomie domestique, cuisine, service et restauration de syst\u00e8me.<\/p>\n                                                                                <\/div>\n                                                                                                                                                                                                                                        <a href=\"https:\/\/www.hotelgastro.ch\/fr\/formation-de-base\" class=\"button secondary black-text\" target=\"_blank\" rel=\"noopener\"><span><svg width=\"47\" height=\"29\" viewBox=\"0 0 47 29\" fill=\"none\" xmlns=\"http:\/\/www.w3.org\/2000\/svg\">\n<path d=\"M3.5 14.793L43.5 14.793\" stroke=\"#FFED00\" stroke-width=\"6\" stroke-linecap=\"round\" stroke-linejoin=\"round\"\/>\n<path d=\"M32.5 3.79297L43.5 14.793L32.5 25.793\" stroke=\"#FFED00\" stroke-width=\"6\" stroke-linecap=\"round\" stroke-linejoin=\"round\"\/>\n<\/svg>\n<span>D\u00e9couvrez ici les possibilit\u00e9s \u00e0 votre disposition<\/span><\/span><\/a>                                                                                                                                                    <\/div>\n                                                                    <\/div>\n                                                                                                                            <\/div>\n                                                                                                            <\/div>\n                                                                                                                                    <\/div>\n                                                                            <div class=\"section\" id=\"votre-avenir-votre-carriere-la-formation-de-base\">\n                                                                                                                                                <div class=\"subsection\">\n                                                                                                                    <h2 class=\"title\">La formation de base<\/h2>\n                                                                                                                                                                            <div class=\"text\">\n                                                                <p>Commencez par un apprentissage dans le monde du travail et posez ainsi la premi\u00e8re pierre d\u2019une carri\u00e8re r\u00e9ussie! La restauration et l\u2019h\u00f4tellerie proposent dix m\u00e9tiers passionnants qui vous offrent des perspectives vari\u00e9es.<\/p>\n                                                            <\/div>\n                                                                                                                                                                            <div class=\"cards\">\n                                                                                                                                    <div class=\"card\">\n                                                                        <div class=\"image\">\n                                                                                                                                                            <img loading=\"lazy\" decoding=\"async\" width=\"768\" height=\"1024\" src=\"https:\/\/www.avanti.swiss\/wp-content\/uploads\/2024\/07\/Restaurantfachfrau_mann_detail_3-768x1024.jpg\" class=\"attachment-large size-large\" alt=\"\" srcset=\"https:\/\/www.avanti.swiss\/wp-content\/uploads\/2024\/07\/Restaurantfachfrau_mann_detail_3-768x1024.jpg 768w, https:\/\/www.avanti.swiss\/wp-content\/uploads\/2024\/07\/Restaurantfachfrau_mann_detail_3-225x300.jpg 225w, https:\/\/www.avanti.swiss\/wp-content\/uploads\/2024\/07\/Restaurantfachfrau_mann_detail_3-1152x1536.jpg 1152w, https:\/\/www.avanti.swiss\/wp-content\/uploads\/2024\/07\/Restaurantfachfrau_mann_detail_3-1536x2048.jpg 1536w, https:\/\/www.avanti.swiss\/wp-content\/uploads\/2024\/07\/Restaurantfachfrau_mann_detail_3-scaled.jpg 1920w\" sizes=\"auto, (max-width: 768px) 100vw, 768px\" \/>                                                                                                                                                    <\/div>\n                                                                        <div class=\"text-and-button\">\n                                                                                                                                                            <div class=\"text\">\n                                                                                    <p>Avec l\u2019apprentissage de deux ans, vous obtenez l\u2019attestation f\u00e9d\u00e9rale de formation professionnelle (AFP).<\/p>\n                                                                                <\/div>\n                                                                                                                                                                                                                                        <a href=\"https:\/\/metiershotelresto.ch\/?_gl=1*db5oth*_gcl_au*MzExMTEzODM5LjE3MjU5NTM0OTA.*_ga*MTIwMDU4Mzk4OC4xNjk2ODU2OTM0*_ga_6W6WSGLEV3*MTcyNTk2MTA5MS40LjAuMTcyNTk2MTA5MS42MC4wLjA.\" class=\"button secondary black-text\" target=\"_blank\" rel=\"noopener\"><span><svg width=\"47\" height=\"29\" viewBox=\"0 0 47 29\" fill=\"none\" xmlns=\"http:\/\/www.w3.org\/2000\/svg\">\n<path d=\"M3.5 14.793L43.5 14.793\" stroke=\"#FFED00\" stroke-width=\"6\" stroke-linecap=\"round\" stroke-linejoin=\"round\"\/>\n<path d=\"M32.5 3.79297L43.5 14.793L32.5 25.793\" stroke=\"#FFED00\" stroke-width=\"6\" stroke-linecap=\"round\" stroke-linejoin=\"round\"\/>\n<\/svg>\n<span>D\u00e9couvrir les apprentissages de deux ans<\/span><\/span><\/a>                                                                                                                                                    <\/div>\n                                                                    <\/div>\n                                                                                                                                    <div class=\"card\">\n                                                                        <div class=\"image\">\n                                                                                                                                                            <img loading=\"lazy\" decoding=\"async\" width=\"768\" height=\"1024\" src=\"https:\/\/www.avanti.swiss\/wp-content\/uploads\/2024\/07\/Restaurantfachfrau_mann_classic_6-768x1024.jpg\" class=\"attachment-large size-large\" alt=\"\" srcset=\"https:\/\/www.avanti.swiss\/wp-content\/uploads\/2024\/07\/Restaurantfachfrau_mann_classic_6-768x1024.jpg 768w, https:\/\/www.avanti.swiss\/wp-content\/uploads\/2024\/07\/Restaurantfachfrau_mann_classic_6-225x300.jpg 225w, https:\/\/www.avanti.swiss\/wp-content\/uploads\/2024\/07\/Restaurantfachfrau_mann_classic_6-1152x1536.jpg 1152w, https:\/\/www.avanti.swiss\/wp-content\/uploads\/2024\/07\/Restaurantfachfrau_mann_classic_6-1536x2048.jpg 1536w, https:\/\/www.avanti.swiss\/wp-content\/uploads\/2024\/07\/Restaurantfachfrau_mann_classic_6-scaled.jpg 1920w\" sizes=\"auto, (max-width: 768px) 100vw, 768px\" \/>                                                                                                                                                    <\/div>\n                                                                        <div class=\"text-and-button\">\n                                                                                                                                                            <div class=\"text\">\n                                                                                    <p>Un apprentissage de trois ans vous permet d\u2019obtenir un certificat f\u00e9d\u00e9ral de capacit\u00e9 (CFC). Un tremplin id\u00e9al pour la formation continue.<\/p>\n                                                                                <\/div>\n                                                                                                                                                                                                                                        <a href=\"https:\/\/metiershotelresto.ch\/?_gl=1*db5oth*_gcl_au*MzExMTEzODM5LjE3MjU5NTM0OTA.*_ga*MTIwMDU4Mzk4OC4xNjk2ODU2OTM0*_ga_6W6WSGLEV3*MTcyNTk2MTA5MS40LjAuMTcyNTk2MTA5MS42MC4wLjA.\" class=\"button secondary black-text\" target=\"_blank\" rel=\"noopener\"><span><svg width=\"47\" height=\"29\" viewBox=\"0 0 47 29\" fill=\"none\" xmlns=\"http:\/\/www.w3.org\/2000\/svg\">\n<path d=\"M3.5 14.793L43.5 14.793\" stroke=\"#FFED00\" stroke-width=\"6\" stroke-linecap=\"round\" stroke-linejoin=\"round\"\/>\n<path d=\"M32.5 3.79297L43.5 14.793L32.5 25.793\" stroke=\"#FFED00\" stroke-width=\"6\" stroke-linecap=\"round\" stroke-linejoin=\"round\"\/>\n<\/svg>\n<span>D\u00e9couvrir les apprentissages de trois ans<\/span><\/span><\/a>                                                                                                                                                    <\/div>\n                                                                    <\/div>\n                                                                                                                            <\/div>\n                                                                                                            <\/div>\n                                                                                                                                    <\/div>\n                                                                            <div class=\"section\" id=\"votre-avenir-votre-carriere-examens-professionnels\">\n                                                                                                                                                <div class=\"subsection\">\n                                                                                                                    <h2 class=\"title\">Examens professionnels<\/h2>\n                                                                                                                                                                            <div class=\"text\">\n                                                                <p>Vous venez de terminer votre apprentissage et avez votre certificat f\u00e9d\u00e9ral de capacit\u00e9 (CFC) en poche? Alors vous pouvez vous sp\u00e9cialiser dans un domaine en passant l\u2019examen professionnel.<\/p>\n                                                            <\/div>\n                                                                                                                                                                            <div class=\"cards\">\n                                                                                                                                    <div class=\"card\">\n                                                                        <div class=\"image\">\n                                                                                                                                                            <img loading=\"lazy\" decoding=\"async\" width=\"1024\" height=\"683\" src=\"https:\/\/www.avanti.swiss\/wp-content\/uploads\/2024\/07\/Foto-EHL-4-1024x683.jpg\" class=\"attachment-large size-large\" alt=\"\" srcset=\"https:\/\/www.avanti.swiss\/wp-content\/uploads\/2024\/07\/Foto-EHL-4-1024x683.jpg 1024w, https:\/\/www.avanti.swiss\/wp-content\/uploads\/2024\/07\/Foto-EHL-4-300x200.jpg 300w, https:\/\/www.avanti.swiss\/wp-content\/uploads\/2024\/07\/Foto-EHL-4-768x512.jpg 768w, https:\/\/www.avanti.swiss\/wp-content\/uploads\/2024\/07\/Foto-EHL-4-1536x1024.jpg 1536w, https:\/\/www.avanti.swiss\/wp-content\/uploads\/2024\/07\/Foto-EHL-4-2048x1366.jpg 2048w\" sizes=\"auto, (max-width: 1024px) 100vw, 1024px\" \/>                                                                                                                                                    <\/div>\n                                                                        <div class=\"text-and-button\">\n                                                                                                                                                            <div class=\"text\">\n                                                                                    <p>La r\u00e9ussite de l\u2019examen professionnel m\u00e8ne \u00e0 l\u2019obtention d\u2019un brevet f\u00e9d\u00e9ral et vous permet d\u2019acc\u00e9der \u00e0 des fonctions de cadre moyen.<\/p>\n                                                                                <\/div>\n                                                                                                                                                                                                                                        <a href=\"https:\/\/carrierehotelresto.ch\/diplomes\/examens-professionnels\/\" class=\"button secondary black-text\" target=\"_blank\" rel=\"noopener\"><span><svg width=\"47\" height=\"29\" viewBox=\"0 0 47 29\" fill=\"none\" xmlns=\"http:\/\/www.w3.org\/2000\/svg\">\n<path d=\"M3.5 14.793L43.5 14.793\" stroke=\"#FFED00\" stroke-width=\"6\" stroke-linecap=\"round\" stroke-linejoin=\"round\"\/>\n<path d=\"M32.5 3.79297L43.5 14.793L32.5 25.793\" stroke=\"#FFED00\" stroke-width=\"6\" stroke-linecap=\"round\" stroke-linejoin=\"round\"\/>\n<\/svg>\n<span>En savoir plus sur les examens professionnels<\/span><\/span><\/a>                                                                                                                                                    <\/div>\n                                                                    <\/div>\n                                                                                                                            <\/div>\n                                                                                                            <\/div>\n                                                                                                                                    <\/div>\n                                                                            <div class=\"section\" id=\"votre-avenir-votre-carriere-examens-professionnels-superieurs\">\n                                                                                                                                                <div class=\"subsection\">\n                                                                                                                    <h2 class=\"title\">Examens professionnels sup\u00e9rieurs<\/h2>\n                                                                                                                                                                            <div class=\"text\">\n                                                                <p>Les examens professionnels sup\u00e9rieurs m\u00e8nent au dipl\u00f4me f\u00e9d\u00e9ral, \u00e9galement connu sous le nom de ma\u00eetrise f\u00e9d\u00e9rale, et font de vous un expert ou une experte dans votre domaine professionnel. Les personnes titulaires d\u2019un tel dipl\u00f4me assument g\u00e9n\u00e9ralement des t\u00e2ches de direction.<\/p>\n                                                            <\/div>\n                                                                                                                                                                            <div class=\"cards\">\n                                                                                                                                    <div class=\"card\">\n                                                                        <div class=\"image\">\n                                                                                                                                                            <img loading=\"lazy\" decoding=\"async\" width=\"1024\" height=\"683\" src=\"https:\/\/www.avanti.swiss\/wp-content\/uploads\/2024\/07\/Foto-EHL-6-1024x683.jpg\" class=\"attachment-large size-large\" alt=\"\" srcset=\"https:\/\/www.avanti.swiss\/wp-content\/uploads\/2024\/07\/Foto-EHL-6-1024x683.jpg 1024w, https:\/\/www.avanti.swiss\/wp-content\/uploads\/2024\/07\/Foto-EHL-6-300x200.jpg 300w, https:\/\/www.avanti.swiss\/wp-content\/uploads\/2024\/07\/Foto-EHL-6-768x512.jpg 768w, https:\/\/www.avanti.swiss\/wp-content\/uploads\/2024\/07\/Foto-EHL-6-1536x1024.jpg 1536w, https:\/\/www.avanti.swiss\/wp-content\/uploads\/2024\/07\/Foto-EHL-6-2048x1366.jpg 2048w\" sizes=\"auto, (max-width: 1024px) 100vw, 1024px\" \/>                                                                                                                                                    <\/div>\n                                                                        <div class=\"text-and-button\">\n                                                                                                                                                            <div class=\"text\">\n                                                                                    <p>Vous pouvez passer les examens professionnels sup\u00e9rieurs dans cinq domaines diff\u00e9rents.<\/p>\n                                                                                <\/div>\n                                                                                                                                                                                                                                        <a href=\"https:\/\/carrierehotelresto.ch\/diplomes\/examens-federaux\/\" class=\"button secondary black-text\" target=\"_blank\" rel=\"noopener\"><span><svg width=\"47\" height=\"29\" viewBox=\"0 0 47 29\" fill=\"none\" xmlns=\"http:\/\/www.w3.org\/2000\/svg\">\n<path d=\"M3.5 14.793L43.5 14.793\" stroke=\"#FFED00\" stroke-width=\"6\" stroke-linecap=\"round\" stroke-linejoin=\"round\"\/>\n<path d=\"M32.5 3.79297L43.5 14.793L32.5 25.793\" stroke=\"#FFED00\" stroke-width=\"6\" stroke-linecap=\"round\" stroke-linejoin=\"round\"\/>\n<\/svg>\n<span>D\u00e9couvrir les examens professionnels sup\u00e9rieurs<\/span><\/span><\/a>                                                                                                                                                    <\/div>\n                                                                    <\/div>\n                                                                                                                            <\/div>\n                                                                                                            <\/div>\n                                                                                                                                    <\/div>\n                                                                            <div class=\"section\" id=\"votre-avenir-votre-carriere-ecoles-superieures-es-ecole-hoteliere\">\n                                                                                                                                                <div class=\"subsection\">\n                                                                                                                    <h2 class=\"title\">\u00c9coles sup\u00e9rieures (ES) \/ \u00e9cole h\u00f4teli\u00e8re<\/h2>\n                                                                                                                                                                            <div class=\"text\">\n                                                                <p>Vous souhaitez assumer des responsabilit\u00e9s professionnelles et de direction? Dans ce cas, les offres des \u00e9coles sp\u00e9cialis\u00e9es sont exactement ce qu\u2019il vous faut!<\/p>\n                                                            <\/div>\n                                                                                                                                                                            <div class=\"cards\">\n                                                                                                                                    <div class=\"card\">\n                                                                        <div class=\"image\">\n                                                                                                                                                            <img loading=\"lazy\" decoding=\"async\" width=\"1024\" height=\"683\" src=\"https:\/\/www.avanti.swiss\/wp-content\/uploads\/2024\/07\/Foto-EHL_3-1-1024x683.jpg\" class=\"attachment-large size-large\" alt=\"\" srcset=\"https:\/\/www.avanti.swiss\/wp-content\/uploads\/2024\/07\/Foto-EHL_3-1-1024x683.jpg 1024w, https:\/\/www.avanti.swiss\/wp-content\/uploads\/2024\/07\/Foto-EHL_3-1-300x200.jpg 300w, https:\/\/www.avanti.swiss\/wp-content\/uploads\/2024\/07\/Foto-EHL_3-1-768x512.jpg 768w, https:\/\/www.avanti.swiss\/wp-content\/uploads\/2024\/07\/Foto-EHL_3-1-1536x1024.jpg 1536w, https:\/\/www.avanti.swiss\/wp-content\/uploads\/2024\/07\/Foto-EHL_3-1-2048x1366.jpg 2048w\" sizes=\"auto, (max-width: 1024px) 100vw, 1024px\" \/>                                                                                                                                                    <\/div>\n                                                                        <div class=\"text-and-button\">\n                                                                                                                                                            <div class=\"text\">\n                                                                                    <p>Les \u00e9coles h\u00f4teli\u00e8res vous permettent d\u2019obtenir le dipl\u00f4me d\u2019h\u00f4telier-restaurateur ES \/ h\u00f4teli\u00e8re-restauratrice ES.<\/p>\n                                                                                <\/div>\n                                                                                                                                                                                                                                        <a href=\"https:\/\/carrierehotelresto.ch\/diplomes\/ecoles-superieures\/\" class=\"button secondary black-text\" target=\"_blank\" rel=\"noopener\"><span><svg width=\"47\" height=\"29\" viewBox=\"0 0 47 29\" fill=\"none\" xmlns=\"http:\/\/www.w3.org\/2000\/svg\">\n<path d=\"M3.5 14.793L43.5 14.793\" stroke=\"#FFED00\" stroke-width=\"6\" stroke-linecap=\"round\" stroke-linejoin=\"round\"\/>\n<path d=\"M32.5 3.79297L43.5 14.793L32.5 25.793\" stroke=\"#FFED00\" stroke-width=\"6\" stroke-linecap=\"round\" stroke-linejoin=\"round\"\/>\n<\/svg>\n<span>En savoir plus sur la formation<\/span><\/span><\/a>                                                                                                                                                    <\/div>\n                                                                    <\/div>\n                                                                                                                                    <div class=\"card\">\n                                                                        <div class=\"image\">\n                                                                                                                                                            <img loading=\"lazy\" decoding=\"async\" width=\"1024\" height=\"683\" src=\"https:\/\/www.avanti.swiss\/wp-content\/uploads\/2024\/07\/Foto-EHL-5-1024x683.jpg\" class=\"attachment-large size-large\" alt=\"\" srcset=\"https:\/\/www.avanti.swiss\/wp-content\/uploads\/2024\/07\/Foto-EHL-5-1024x683.jpg 1024w, https:\/\/www.avanti.swiss\/wp-content\/uploads\/2024\/07\/Foto-EHL-5-300x200.jpg 300w, https:\/\/www.avanti.swiss\/wp-content\/uploads\/2024\/07\/Foto-EHL-5-768x512.jpg 768w, https:\/\/www.avanti.swiss\/wp-content\/uploads\/2024\/07\/Foto-EHL-5-1536x1024.jpg 1536w, https:\/\/www.avanti.swiss\/wp-content\/uploads\/2024\/07\/Foto-EHL-5-2048x1366.jpg 2048w\" sizes=\"auto, (max-width: 1024px) 100vw, 1024px\" \/>                                                                                                                                                    <\/div>\n                                                                        <div class=\"text-and-button\">\n                                                                                                                                                            <div class=\"text\">\n                                                                                    <p>Les \u00e9tudes postdipl\u00f4mes des \u00e9coles sup\u00e9rieures (EPD ES) permettent d\u2019obtenir le dipl\u00f4me de directeur\/directrice d\u2019h\u00f4tel EPD ES. Les conditions d\u2019entr\u00e9e sont un dipl\u00f4me d\u2019une \u00e9cole sup\u00e9rieure, un examen professionnel sup\u00e9rieur ainsi que trois \u00e0 quatre ans d\u2019exp\u00e9rience de direction.<\/p>\n                                                                                <\/div>\n                                                                                                                                                                                                                                        <a href=\"https:\/\/carrierehotelresto.ch\/diplomes\/ecoles-superieures\/epd-es-hotelmanagement\/epd-hotelmanagement\/\" class=\"button secondary black-text\" target=\"_blank\" rel=\"noopener\"><span><svg width=\"47\" height=\"29\" viewBox=\"0 0 47 29\" fill=\"none\" xmlns=\"http:\/\/www.w3.org\/2000\/svg\">\n<path d=\"M3.5 14.793L43.5 14.793\" stroke=\"#FFED00\" stroke-width=\"6\" stroke-linecap=\"round\" stroke-linejoin=\"round\"\/>\n<path d=\"M32.5 3.79297L43.5 14.793L32.5 25.793\" stroke=\"#FFED00\" stroke-width=\"6\" stroke-linecap=\"round\" stroke-linejoin=\"round\"\/>\n<\/svg>\n<span>En savoir plus sur les EPD ES<\/span><\/span><\/a>                                                                                                                                                    <\/div>\n                                                                    <\/div>\n                                                                                                                            <\/div>\n                                                                                                            <\/div>\n                                                                                                                                    <\/div>\n                                                                            <div class=\"section\" id=\"votre-avenir-votre-carriere-etude-postdiplome-epd-es\">\n                                                                                                                                                <div class=\"subsection\">\n                                                                                                                    <h2 class=\"title\">\u00c9tude postdipl\u00f4me EPD ES<\/h2>\n                                                                                                                                                                            <div class=\"text\">\n                                                                <p>Les programmes de formations postgrades de l\u2019\u00c9cole H\u00f4teli\u00e8re de Gen\u00e8ve visent \u00e0 faire passer votre carri\u00e8re dans l\u2019h\u00f4tellerie \u00e0 l\u2019\u00e9chelon suivant. Ils sont parfaits pour les professionnels en avance sur les tendances qui veulent relever les d\u00e9fis de l\u2019avenir souverainement.<\/p>\n                                                            <\/div>\n                                                                                                                                                                            <div class=\"cards\">\n                                                                                                                                    <div class=\"card\">\n                                                                        <div class=\"image\">\n                                                                                                                                                            <img loading=\"lazy\" decoding=\"async\" width=\"1024\" height=\"683\" src=\"https:\/\/www.avanti.swiss\/wp-content\/uploads\/2024\/07\/Foto-EHL-7-1024x683.jpg\" class=\"attachment-large size-large\" alt=\"\" srcset=\"https:\/\/www.avanti.swiss\/wp-content\/uploads\/2024\/07\/Foto-EHL-7-1024x683.jpg 1024w, https:\/\/www.avanti.swiss\/wp-content\/uploads\/2024\/07\/Foto-EHL-7-300x200.jpg 300w, https:\/\/www.avanti.swiss\/wp-content\/uploads\/2024\/07\/Foto-EHL-7-768x512.jpg 768w, https:\/\/www.avanti.swiss\/wp-content\/uploads\/2024\/07\/Foto-EHL-7-1536x1024.jpg 1536w, https:\/\/www.avanti.swiss\/wp-content\/uploads\/2024\/07\/Foto-EHL-7-2048x1366.jpg 2048w\" sizes=\"auto, (max-width: 1024px) 100vw, 1024px\" \/>                                                                                                                                                    <\/div>\n                                                                        <div class=\"text-and-button\">\n                                                                                                                                                            <div class=\"text\">\n                                                                                    <p>L\u2019\u00c9cole H\u00f4teli\u00e8re de Gen\u00e8ve propose six programmes postgrades, pens\u00e9s pour anticiper les besoins futurs d\u2019un secteur qui \u00e9volue rapidement et pour encourager l\u2019innovation dans l\u2019h\u00f4tellerie.<\/p>\n                                                                                <\/div>\n                                                                                                                                                                                                                                        <a href=\"https:\/\/www.ehg.ch\/ecole-hoteliere-suisse-en-management-hotelier\/formations-de-programmes-postgrade\/\" class=\"button secondary black-text\" target=\"_blank\" rel=\"noopener\"><span><svg width=\"47\" height=\"29\" viewBox=\"0 0 47 29\" fill=\"none\" xmlns=\"http:\/\/www.w3.org\/2000\/svg\">\n<path d=\"M3.5 14.793L43.5 14.793\" stroke=\"#FFED00\" stroke-width=\"6\" stroke-linecap=\"round\" stroke-linejoin=\"round\"\/>\n<path d=\"M32.5 3.79297L43.5 14.793L32.5 25.793\" stroke=\"#FFED00\" stroke-width=\"6\" stroke-linecap=\"round\" stroke-linejoin=\"round\"\/>\n<\/svg>\n<span>En savoir plus sur les \u00e9tudes postdipl\u00f4mes<\/span><\/span><\/a>                                                                                                                                                    <\/div>\n                                                                    <\/div>\n                                                                                                                            <\/div>\n                                                                                                            <\/div>\n                                                                                                                                    <\/div>\n                                                                            <div class=\"section\" id=\"votre-avenir-votre-carriere-ecoles-superieures\">\n                                                                                                                                                <div class=\"subsection\">\n                                                                                                                    <h2 class=\"title\">\u00c9coles sup\u00e9rieures<\/h2>\n                                                                                                                                                                            <div class=\"text\">\n                                                                <p>Dans l\u2019h\u00f4tellerie-restauration, vous pouvez obtenir un bachelor ou un master, comme dans les autres branches. Ces programmes sont propos\u00e9s \u00e0 l\u2019EHL Hospitality Business School \u00e0 Lausanne. <\/p>\n                                                            <\/div>\n                                                                                                                                                                            <div class=\"cards\">\n                                                                                                                                    <div class=\"card\">\n                                                                        <div class=\"image\">\n                                                                                                                                                            <img loading=\"lazy\" decoding=\"async\" width=\"1024\" height=\"684\" src=\"https:\/\/www.avanti.swiss\/wp-content\/uploads\/2024\/07\/Foto_EHL_2-1024x684.jpg\" class=\"attachment-large size-large\" alt=\"\" srcset=\"https:\/\/www.avanti.swiss\/wp-content\/uploads\/2024\/07\/Foto_EHL_2-1024x684.jpg 1024w, https:\/\/www.avanti.swiss\/wp-content\/uploads\/2024\/07\/Foto_EHL_2-300x200.jpg 300w, https:\/\/www.avanti.swiss\/wp-content\/uploads\/2024\/07\/Foto_EHL_2-768x513.jpg 768w, https:\/\/www.avanti.swiss\/wp-content\/uploads\/2024\/07\/Foto_EHL_2-1536x1025.jpg 1536w, https:\/\/www.avanti.swiss\/wp-content\/uploads\/2024\/07\/Foto_EHL_2-2048x1367.jpg 2048w\" sizes=\"auto, (max-width: 1024px) 100vw, 1024px\" \/>                                                                                                                                                    <\/div>\n                                                                        <div class=\"text-and-button\">\n                                                                                                                                                            <div class=\"text\">\n                                                                                    <p>Pour suivre une formation postgrade \u00e0 l\u2019EHL Hospitality Business School \u00e0 Lausanne, vous devez avoir suivi une formation professionnelle d\u00e9bouchant sur une maturit\u00e9 professionnelle ou \u00eatre titulaire d\u2019une maturit\u00e9 f\u00e9d\u00e9rale (gymnase) et b\u00e9n\u00e9ficier d\u2019une ann\u00e9e d\u2019exp\u00e9rience professionnelle.<\/p>\n                                                                                <\/div>\n                                                                                                                                                                                                                                        <a href=\"https:\/\/carrierehotelresto.ch\/diplomes\/hes\/bachelor-ecole-hoteliere-lausanne\/\" class=\"button secondary black-text\" target=\"_blank\" rel=\"noopener\"><span><svg width=\"47\" height=\"29\" viewBox=\"0 0 47 29\" fill=\"none\" xmlns=\"http:\/\/www.w3.org\/2000\/svg\">\n<path d=\"M3.5 14.793L43.5 14.793\" stroke=\"#FFED00\" stroke-width=\"6\" stroke-linecap=\"round\" stroke-linejoin=\"round\"\/>\n<path d=\"M32.5 3.79297L43.5 14.793L32.5 25.793\" stroke=\"#FFED00\" stroke-width=\"6\" stroke-linecap=\"round\" stroke-linejoin=\"round\"\/>\n<\/svg>\n<span>En savoir plus sur le programme de bachelor<\/span><\/span><\/a>                                                                                                                                                    <\/div>\n                                                                    <\/div>\n                                                                                                                                    <div class=\"card\">\n                                                                        <div class=\"image\">\n                                                                                                                                                            <img loading=\"lazy\" decoding=\"async\" width=\"1024\" height=\"684\" src=\"https:\/\/www.avanti.swiss\/wp-content\/uploads\/2024\/07\/Foto_EHL_1-1024x684.jpg\" class=\"attachment-large size-large\" alt=\"\" srcset=\"https:\/\/www.avanti.swiss\/wp-content\/uploads\/2024\/07\/Foto_EHL_1-1024x684.jpg 1024w, https:\/\/www.avanti.swiss\/wp-content\/uploads\/2024\/07\/Foto_EHL_1-300x200.jpg 300w, https:\/\/www.avanti.swiss\/wp-content\/uploads\/2024\/07\/Foto_EHL_1-768x513.jpg 768w, https:\/\/www.avanti.swiss\/wp-content\/uploads\/2024\/07\/Foto_EHL_1-1536x1025.jpg 1536w, https:\/\/www.avanti.swiss\/wp-content\/uploads\/2024\/07\/Foto_EHL_1-2048x1367.jpg 2048w\" sizes=\"auto, (max-width: 1024px) 100vw, 1024px\" \/>                                                                                                                                                    <\/div>\n                                                                        <div class=\"text-and-button\">\n                                                                                                                                                            <div class=\"text\">\n                                                                                    <p>Pour d\u00e9buter une formation postgrade dans une \u00e9cole sp\u00e9cialis\u00e9e au niveau master, vous devez \u00eatre titulaire d\u2019un bachelor ou d\u2019un autre dipl\u00f4me universitaire \u00e9quivalent.<\/p>\n                                                                                <\/div>\n                                                                                                                                                                                                                                        <a href=\"https:\/\/carrierehotelresto.ch\/diplomes\/hes\/master-ecole-hoteliere-lausanne\/\" class=\"button secondary black-text\" target=\"_blank\" rel=\"noopener\"><span><svg width=\"47\" height=\"29\" viewBox=\"0 0 47 29\" fill=\"none\" xmlns=\"http:\/\/www.w3.org\/2000\/svg\">\n<path d=\"M3.5 14.793L43.5 14.793\" stroke=\"#FFED00\" stroke-width=\"6\" stroke-linecap=\"round\" stroke-linejoin=\"round\"\/>\n<path d=\"M32.5 3.79297L43.5 14.793L32.5 25.793\" stroke=\"#FFED00\" stroke-width=\"6\" stroke-linecap=\"round\" stroke-linejoin=\"round\"\/>\n<\/svg>\n<span>En savoir plus sur le programme de master<\/span><\/span><\/a>                                                                                                                                                    <\/div>\n                                                                    <\/div>\n                                                                                                                            <\/div>\n                                                                                                            <\/div>\n                                                                                                                                    <\/div>\n                                                                            <div class=\"section\" id=\"votre-avenir-votre-carriere-cas\">\n                                                                                                                                                <div class=\"subsection\">\n                                                                                                                    <h2 class=\"title\">Certificate of Advanced Studies (CAS)<\/h2>\n                                                                                                                                                                            <div class=\"text\">\n                                                                <p>Un Certificate of Advanced Studies (CAS) est un certificat que l\u2019on obtient au terme d\u2019un cursus destin\u00e9 aux personnes en cours d\u2019emploi. Le programme CAS modulaire vous propose une formation approfondie et sp\u00e9cialis\u00e9e dans un domaine particulier.<\/p>\n                                                            <\/div>\n                                                                                                                                                                            <div class=\"cards\">\n                                                                                                                                    <div class=\"card\">\n                                                                        <div class=\"image\">\n                                                                                                                                                            <img loading=\"lazy\" decoding=\"async\" width=\"1024\" height=\"683\" src=\"https:\/\/www.avanti.swiss\/wp-content\/uploads\/2024\/07\/AdobeStock_135359927-1024x683.jpeg\" class=\"attachment-large size-large\" alt=\"\" srcset=\"https:\/\/www.avanti.swiss\/wp-content\/uploads\/2024\/07\/AdobeStock_135359927-1024x683.jpeg 1024w, https:\/\/www.avanti.swiss\/wp-content\/uploads\/2024\/07\/AdobeStock_135359927-300x200.jpeg 300w, https:\/\/www.avanti.swiss\/wp-content\/uploads\/2024\/07\/AdobeStock_135359927-768x512.jpeg 768w, https:\/\/www.avanti.swiss\/wp-content\/uploads\/2024\/07\/AdobeStock_135359927-1536x1024.jpeg 1536w, https:\/\/www.avanti.swiss\/wp-content\/uploads\/2024\/07\/AdobeStock_135359927-2048x1365.jpeg 2048w\" sizes=\"auto, (max-width: 1024px) 100vw, 1024px\" \/>                                                                                                                                                    <\/div>\n                                                                        <div class=\"text-and-button\">\n                                                                                                                                                            <div class=\"text\">\n                                                                                    <p>Le Certificate in Excellence in Gastronomy vous pr\u00e9pare \u00e0 l\u2019avenir dans l\u2019h\u00f4tellerie-restauration. Durant la formation, vous apprenez comment l\u2019exp\u00e9rience client peut \u00eatre influenc\u00e9e positivement gr\u00e2ce au leadership, \u00e0 l\u2019innovation et \u00e0 la num\u00e9risation.<\/p>\n                                                                                <\/div>\n                                                                                                                                                                                                                                        <a href=\"https:\/\/gastrosuisse.ch\/de\/bildung\/gastro-unternehmerausbildung\/cas-excellence-in-gastronomy\/\" class=\"button secondary black-text\" target=\"_blank\" rel=\"noopener\"><span><svg width=\"47\" height=\"29\" viewBox=\"0 0 47 29\" fill=\"none\" xmlns=\"http:\/\/www.w3.org\/2000\/svg\">\n<path d=\"M3.5 14.793L43.5 14.793\" stroke=\"#FFED00\" stroke-width=\"6\" stroke-linecap=\"round\" stroke-linejoin=\"round\"\/>\n<path d=\"M32.5 3.79297L43.5 14.793L32.5 25.793\" stroke=\"#FFED00\" stroke-width=\"6\" stroke-linecap=\"round\" stroke-linejoin=\"round\"\/>\n<\/svg>\n<span>En savoir plus sur le CAS<\/span><\/span><\/a>                                                                                                                                                    <\/div>\n                                                                    <\/div>\n                                                                                                                            <\/div>\n                                                                                                            <\/div>\n                                                                                                                                    <\/div>\n                                                                            <div class=\"section\" id=\"votre-avenir-votre-carriere-formations-continues-perfectionnement\">\n                                                                                                                                                <div class=\"subsection\">\n                                                                                                                    <h2 class=\"title\">Formations continues\/perfectionnement<\/h2>\n                                                                                                                                                                            <div class=\"text\">\n                                                                <p>Le monde du travail \u00e9volue en permanence, ce qui modifie \u00e9galement les exigences pos\u00e9es aux employeurs et employ\u00e9s. Les cours de perfectionnement formels ou non, les s\u00e9minaires et autres formations continues vous offrent l\u2019opportunit\u00e9 de rester \u00e0 jour et am\u00e9liorent vos chances de carri\u00e8re personnelle.<\/p>\n                                                            <\/div>\n                                                                                                                                                                            <div class=\"cards\">\n                                                                                                                                    <div class=\"card\">\n                                                                        <div class=\"image\">\n                                                                                                                                                            <img loading=\"lazy\" decoding=\"async\" width=\"1024\" height=\"683\" src=\"https:\/\/www.avanti.swiss\/wp-content\/uploads\/2024\/07\/AdobeStock_332702270-1024x683.jpeg\" class=\"attachment-large size-large\" alt=\"\" srcset=\"https:\/\/www.avanti.swiss\/wp-content\/uploads\/2024\/07\/AdobeStock_332702270-1024x683.jpeg 1024w, https:\/\/www.avanti.swiss\/wp-content\/uploads\/2024\/07\/AdobeStock_332702270-300x200.jpeg 300w, https:\/\/www.avanti.swiss\/wp-content\/uploads\/2024\/07\/AdobeStock_332702270-768x512.jpeg 768w, https:\/\/www.avanti.swiss\/wp-content\/uploads\/2024\/07\/AdobeStock_332702270-1536x1024.jpeg 1536w, https:\/\/www.avanti.swiss\/wp-content\/uploads\/2024\/07\/AdobeStock_332702270-2048x1365.jpeg 2048w\" sizes=\"auto, (max-width: 1024px) 100vw, 1024px\" \/>                                                                                                                                                    <\/div>\n                                                                        <div class=\"text-and-button\">\n                                                                                                                                                            <div class=\"text\">\n                                                                                    <p>Les s\u00e9minaires et cours vous permettent d\u2019acqu\u00e9rir en peu de temps des connaissances approfondies dans votre domaine d\u2019activit\u00e9 avec certificat \u00e0 la cl\u00e9. Parfait pour se former une vie durant.<\/p>\n                                                                                <\/div>\n                                                                                                                                                                                                                                        <a href=\"https:\/\/carrierehotelresto.ch\/cours\/cours-de-perfectionnement\/\" class=\"button secondary black-text\" target=\"_blank\" rel=\"noopener\"><span><svg width=\"47\" height=\"29\" viewBox=\"0 0 47 29\" fill=\"none\" xmlns=\"http:\/\/www.w3.org\/2000\/svg\">\n<path d=\"M3.5 14.793L43.5 14.793\" stroke=\"#FFED00\" stroke-width=\"6\" stroke-linecap=\"round\" stroke-linejoin=\"round\"\/>\n<path d=\"M32.5 3.79297L43.5 14.793L32.5 25.793\" stroke=\"#FFED00\" stroke-width=\"6\" stroke-linecap=\"round\" stroke-linejoin=\"round\"\/>\n<\/svg>\n<span>Vers les s\u00e9minaires et les cours<\/span><\/span><\/a>                                                                                                                                                    <\/div>\n                                                                    <\/div>\n                                                                                                                                    <div class=\"card\">\n                                                                        <div class=\"image\">\n                                                                                                                                                            <img loading=\"lazy\" decoding=\"async\" width=\"1024\" height=\"576\" src=\"https:\/\/www.avanti.swiss\/wp-content\/uploads\/2024\/07\/G2_GUA__fb_ImmageBild_ohneClaim-1024x576.jpg\" class=\"attachment-large size-large\" alt=\"\" srcset=\"https:\/\/www.avanti.swiss\/wp-content\/uploads\/2024\/07\/G2_GUA__fb_ImmageBild_ohneClaim-1024x576.jpg 1024w, https:\/\/www.avanti.swiss\/wp-content\/uploads\/2024\/07\/G2_GUA__fb_ImmageBild_ohneClaim-300x169.jpg 300w, https:\/\/www.avanti.swiss\/wp-content\/uploads\/2024\/07\/G2_GUA__fb_ImmageBild_ohneClaim-768x432.jpg 768w, https:\/\/www.avanti.swiss\/wp-content\/uploads\/2024\/07\/G2_GUA__fb_ImmageBild_ohneClaim-1536x864.jpg 1536w, https:\/\/www.avanti.swiss\/wp-content\/uploads\/2024\/07\/G2_GUA__fb_ImmageBild_ohneClaim-2048x1152.jpg 2048w\" sizes=\"auto, (max-width: 1024px) 100vw, 1024px\" \/>                                                                                                                                                    <\/div>\n                                                                        <div class=\"text-and-button\">\n                                                                                                                                                            <div class=\"text\">\n                                                                                    <p>La formation pour les entrepreneurs est orient\u00e9e vers la pratique et les connaissances acquises peuvent \u00eatre directement appliqu\u00e9es. Vous acqu\u00e9rez en trois \u00e9tapes d\u2019importantes bases pour votre quotidien en tant que chef d\u2019entreprise de l\u2019h\u00f4tellerie et de la restauration.<\/p>\n                                                                                <\/div>\n                                                                                                                                                                                                                                        <a href=\"https:\/\/gastrosuisse.ch\/fr\/formation\/formation-de-base\" class=\"button secondary black-text\" target=\"_blank\" rel=\"noopener\"><span><svg width=\"47\" height=\"29\" viewBox=\"0 0 47 29\" fill=\"none\" xmlns=\"http:\/\/www.w3.org\/2000\/svg\">\n<path d=\"M3.5 14.793L43.5 14.793\" stroke=\"#FFED00\" stroke-width=\"6\" stroke-linecap=\"round\" stroke-linejoin=\"round\"\/>\n<path d=\"M32.5 3.79297L43.5 14.793L32.5 25.793\" stroke=\"#FFED00\" stroke-width=\"6\" stroke-linecap=\"round\" stroke-linejoin=\"round\"\/>\n<\/svg>\n<span>En savoir plus sur la formation pour entrepreneurs<\/span><\/span><\/a>                                                                                                                                                    <\/div>\n                                                                    <\/div>\n                                                                                                                            <\/div>\n                                                                                                            <\/div>\n                                                                                                                                    <\/div>\n                                                                            <div class=\"section\" id=\"votre-avenir-votre-carriere-reconversion-professionnelle\">\n                                                                                                                                                <div class=\"subsection\">\n                                                                                                                    <h2 class=\"title\">Reconversion professionnelle<\/h2>\n                                                                                                                                                                            <div class=\"text\">\n                                                                <p>Votre nouveau d\u00e9part dans l\u2019h\u00f4tellerie-restauration!<br \/>\nL\u2019h\u00f4tellerie-restauration recherche des personnes en reconversion professionnelle. Des formations continues adapt\u00e9es vous aideront \u00e0 bien d\u00e9buter, sans aucune connaissance pr\u00e9alable<\/p>\n                                                            <\/div>\n                                                                                                                                                                            <div class=\"cards\">\n                                                                                                                                    <div class=\"card\">\n                                                                        <div class=\"image\">\n                                                                                                                                                            <img loading=\"lazy\" decoding=\"async\" width=\"683\" height=\"1024\" src=\"https:\/\/www.avanti.swiss\/wp-content\/uploads\/2024\/07\/john-fornander-jJIb2e7Jkcs-unsplash-683x1024.jpg\" class=\"attachment-large size-large\" alt=\"\" srcset=\"https:\/\/www.avanti.swiss\/wp-content\/uploads\/2024\/07\/john-fornander-jJIb2e7Jkcs-unsplash-683x1024.jpg 683w, https:\/\/www.avanti.swiss\/wp-content\/uploads\/2024\/07\/john-fornander-jJIb2e7Jkcs-unsplash-200x300.jpg 200w, https:\/\/www.avanti.swiss\/wp-content\/uploads\/2024\/07\/john-fornander-jJIb2e7Jkcs-unsplash-768x1151.jpg 768w, https:\/\/www.avanti.swiss\/wp-content\/uploads\/2024\/07\/john-fornander-jJIb2e7Jkcs-unsplash-1025x1536.jpg 1025w, https:\/\/www.avanti.swiss\/wp-content\/uploads\/2024\/07\/john-fornander-jJIb2e7Jkcs-unsplash-1366x2048.jpg 1366w, https:\/\/www.avanti.swiss\/wp-content\/uploads\/2024\/07\/john-fornander-jJIb2e7Jkcs-unsplash-scaled.jpg 1708w\" sizes=\"auto, (max-width: 683px) 100vw, 683px\" \/>                                                                                                                                                    <\/div>\n                                                                        <div class=\"text-and-button\">\n                                                                                                                                                            <div class=\"text\">\n                                                                                    <p>Progresso, votre avenir professionnel<br \/>\nProgresso est un moyen s\u00fbr et ax\u00e9 sur la pratique pour se lancer dans l\u2019h\u00f4tellerie-restauration. Informez-vous sans attendre! <\/p>\n                                                                                <\/div>\n                                                                                                                                                                                                                                        <a href=\"https:\/\/mon-progresso.ch\/?\" class=\"button secondary black-text\" target=\"_blank\" rel=\"noopener\"><span><svg width=\"47\" height=\"29\" viewBox=\"0 0 47 29\" fill=\"none\" xmlns=\"http:\/\/www.w3.org\/2000\/svg\">\n<path d=\"M3.5 14.793L43.5 14.793\" stroke=\"#FFED00\" stroke-width=\"6\" stroke-linecap=\"round\" stroke-linejoin=\"round\"\/>\n<path d=\"M32.5 3.79297L43.5 14.793L32.5 25.793\" stroke=\"#FFED00\" stroke-width=\"6\" stroke-linecap=\"round\" stroke-linejoin=\"round\"\/>\n<\/svg>\n<span>Renseignez-vous d\u00e8s \u00e0 pr\u00e9sent!<\/span><\/span><\/a>                                                                                                                                                    <\/div>\n                                                                    <\/div>\n                                                                                                                                    <div class=\"card\">\n                                                                        <div class=\"image\">\n                                                                                                                                                            <img loading=\"lazy\" decoding=\"async\" width=\"1024\" height=\"683\" src=\"https:\/\/www.avanti.swiss\/wp-content\/uploads\/2024\/05\/trio-3-1024x683.jpeg\" class=\"attachment-large size-large\" alt=\"\" srcset=\"https:\/\/www.avanti.swiss\/wp-content\/uploads\/2024\/05\/trio-3-1024x683.jpeg 1024w, https:\/\/www.avanti.swiss\/wp-content\/uploads\/2024\/05\/trio-3-300x200.jpeg 300w, https:\/\/www.avanti.swiss\/wp-content\/uploads\/2024\/05\/trio-3-768x512.jpeg 768w, https:\/\/www.avanti.swiss\/wp-content\/uploads\/2024\/05\/trio-3-1536x1024.jpeg 1536w, https:\/\/www.avanti.swiss\/wp-content\/uploads\/2024\/05\/trio-3-2048x1365.jpeg 2048w\" sizes=\"auto, (max-width: 1024px) 100vw, 1024px\" \/>                                                                                                                                                    <\/div>\n                                                                        <div class=\"text-and-button\">\n                                                                                                                                                            <div class=\"text\">\n                                                                                    <p>La formation continue pour toutes et tous<br \/>\nLe programme \u00abFormation-incluse\u00bb vous donne acc\u00e8s aux m\u00e9tiers de l\u2019h\u00f4tellerie-restauration. D\u00e9couvrez vos nouvelles opportunit\u00e9s! <\/p>\n                                                                                <\/div>\n                                                                                                                                                                                                                                        <a href=\"https:\/\/formation-incluse.ch\/\" class=\"button secondary black-text\" target=\"_blank\" rel=\"noopener\"><span><svg width=\"47\" height=\"29\" viewBox=\"0 0 47 29\" fill=\"none\" xmlns=\"http:\/\/www.w3.org\/2000\/svg\">\n<path d=\"M3.5 14.793L43.5 14.793\" stroke=\"#FFED00\" stroke-width=\"6\" stroke-linecap=\"round\" stroke-linejoin=\"round\"\/>\n<path d=\"M32.5 3.79297L43.5 14.793L32.5 25.793\" stroke=\"#FFED00\" stroke-width=\"6\" stroke-linecap=\"round\" stroke-linejoin=\"round\"\/>\n<\/svg>\n<span>Renseignez-vous d\u00e8s \u00e0 pr\u00e9sent!<\/span><\/span><\/a>                                                                                                                                                    <\/div>\n                                                                    <\/div>\n                                                                                                                            <\/div>\n                                                                                                            <\/div>\n                                                                                                                                    <\/div>\n                                                                                                <\/div>\n                        <\/div>\n                    <\/div>\n                                                        <div class=\"tab-content \" id=\"lavenir-de-la-branche\">\n                        <div class=\"row\">\n                            <div class=\"col-12 col-md-5 col-lg-4 col-xl-3 col-xxl-3 col-xxxl-3\">\n                                <div class=\"nav-wrapper\">\n                                    <div class=\"nav\">\n                                                                                                                                                                                                                                <a class=\"nav-item active\" href=\"#lavenir-de-la-branche-food-trends\">Food-Trends<\/a>\n                                                                                                                                                                                                                                                    <a class=\"nav-item \" href=\"#lavenir-de-la-branche-systemes-technologiques-dans-la-restauration\">Syst\u00e8mes technologiques dans la restauration<\/a>\n                                                                                                                                                                                                                                                    <a class=\"nav-item \" href=\"#lavenir-de-la-branche-systemes-technologiques-dans-lhotellerie\">Syst\u00e8mes technologiques dans l\u2019h\u00f4tellerie<\/a>\n                                                                                                                                                                                                                            <\/div>\n                                <\/div>\n                            <\/div>\n                            <div class=\"col-12 col-md-7 col-lg-8 col-xl-9 col-xxl-8 col-xxxl-7\">\n                                                                                                            <div class=\"section\" id=\"lavenir-de-la-branche-food-trends\">\n                                                                                                                                                <div class=\"subsection\">\n                                                                                                                    <h2 class=\"title\">Tendances alimentaires<\/h2>\n                                                                                                                                                                            <div class=\"text\">\n                                                                <p>Les tendances alimentaires sont importantes, car elles rendent votre alimentation plus int\u00e9ressante et plus saine, elles pr\u00e9servent l\u2019environnement et sont une source d\u2019inspiration. Restez curieux et d\u00e9couvrez les nouvelles tendances!<\/p>\n                                                            <\/div>\n                                                                                                                                                                            <div class=\"cards\">\n                                                                                                                                    <div class=\"card\">\n                                                                        <div class=\"image\">\n                                                                                                                                                            <img loading=\"lazy\" decoding=\"async\" width=\"786\" height=\"404\" src=\"https:\/\/www.avanti.swiss\/wp-content\/uploads\/2024\/07\/gastrosuisse-foodtrends-1-1.jpg\" class=\"attachment-large size-large\" alt=\"\" srcset=\"https:\/\/www.avanti.swiss\/wp-content\/uploads\/2024\/07\/gastrosuisse-foodtrends-1-1.jpg 786w, https:\/\/www.avanti.swiss\/wp-content\/uploads\/2024\/07\/gastrosuisse-foodtrends-1-1-300x154.jpg 300w, https:\/\/www.avanti.swiss\/wp-content\/uploads\/2024\/07\/gastrosuisse-foodtrends-1-1-768x395.jpg 768w\" sizes=\"auto, (max-width: 786px) 100vw, 786px\" \/>                                                                                                                                                    <\/div>\n                                                                        <div class=\"text-and-button\">\n                                                                                                                                                            <div class=\"text\">\n                                                                                    <p>La nouvelle \u00e9dition du Food Report du Zukunftsinstitut montre quelles tendances actuelles apportent une dynamique tr\u00e8s particuli\u00e8re.<\/p>\n                                                                                <\/div>\n                                                                                                                                                                                                                                        <a href=\"https:\/\/gastrosuisse.ch\/fr\/branche\/restauration\/foodtrends\" class=\"button secondary black-text\" target=\"_blank\" rel=\"noopener\"><span><svg width=\"47\" height=\"29\" viewBox=\"0 0 47 29\" fill=\"none\" xmlns=\"http:\/\/www.w3.org\/2000\/svg\">\n<path d=\"M3.5 14.793L43.5 14.793\" stroke=\"#FFED00\" stroke-width=\"6\" stroke-linecap=\"round\" stroke-linejoin=\"round\"\/>\n<path d=\"M32.5 3.79297L43.5 14.793L32.5 25.793\" stroke=\"#FFED00\" stroke-width=\"6\" stroke-linecap=\"round\" stroke-linejoin=\"round\"\/>\n<\/svg>\n<span>D\u00e9couvrir ici les tendances alimentaires<\/span><\/span><\/a>                                                                                                                                                    <\/div>\n                                                                    <\/div>\n                                                                                                                                    <div class=\"card\">\n                                                                        <div class=\"image\">\n                                                                                                                                                            <img loading=\"lazy\" decoding=\"async\" width=\"786\" height=\"404\" src=\"https:\/\/www.avanti.swiss\/wp-content\/uploads\/2024\/07\/gastrosuisse-foodtrends-4-1-e1721727960194.jpg\" class=\"attachment-large size-large\" alt=\"\" \/>                                                                                                                                                    <\/div>\n                                                                        <div class=\"text-and-button\">\n                                                                                                                                                            <div class=\"text\">\n                                                                                    <p>Cocktails rafra\u00eechissants, caf\u00e9 aromatique ou cr\u00e9ations innovantes sans alcool: en mati\u00e8re de boissons, les tendances en 2025 vous promettent de nombreuses nouveaut\u00e9s.<\/p>\n                                                                                <\/div>\n                                                                                                                                                                                                                                        <a href=\"https:\/\/www.canable.co\/blog-posts\/6-key-trends-shaping-the-beverage-industry-in-2025\" class=\"button secondary black-text\" target=\"_blank\" rel=\"noopener\"><span><svg width=\"47\" height=\"29\" viewBox=\"0 0 47 29\" fill=\"none\" xmlns=\"http:\/\/www.w3.org\/2000\/svg\">\n<path d=\"M3.5 14.793L43.5 14.793\" stroke=\"#FFED00\" stroke-width=\"6\" stroke-linecap=\"round\" stroke-linejoin=\"round\"\/>\n<path d=\"M32.5 3.79297L43.5 14.793L32.5 25.793\" stroke=\"#FFED00\" stroke-width=\"6\" stroke-linecap=\"round\" stroke-linejoin=\"round\"\/>\n<\/svg>\n<span>D\u00e9couvrir ici les tendances boissons<\/span><\/span><\/a>                                                                                                                                                    <\/div>\n                                                                    <\/div>\n                                                                                                                                    <div class=\"card\">\n                                                                        <div class=\"image\">\n                                                                                                                                                            <img loading=\"lazy\" decoding=\"async\" width=\"748\" height=\"1024\" src=\"https:\/\/www.avanti.swiss\/wp-content\/uploads\/2025\/02\/Avanti_IT_BTS4-748x1024.jpg\" class=\"attachment-large size-large\" alt=\"\" srcset=\"https:\/\/www.avanti.swiss\/wp-content\/uploads\/2025\/02\/Avanti_IT_BTS4-748x1024.jpg 748w, https:\/\/www.avanti.swiss\/wp-content\/uploads\/2025\/02\/Avanti_IT_BTS4-219x300.jpg 219w, https:\/\/www.avanti.swiss\/wp-content\/uploads\/2025\/02\/Avanti_IT_BTS4-768x1051.jpg 768w, https:\/\/www.avanti.swiss\/wp-content\/uploads\/2025\/02\/Avanti_IT_BTS4.jpg 858w\" sizes=\"auto, (max-width: 748px) 100vw, 748px\" \/>                                                                                                                                                    <\/div>\n                                                                        <div class=\"text-and-button\">\n                                                                                                                                                            <div class=\"text\">\n                                                                                    <p>L\u2019Institut Gottlieb Duttweiler expose clairement comment une innovation alimentaire s\u2019installe durablement dans nos habitudes nutritionnelles, et pourquoi nos modes de consommation \u00e9voluent aujourd\u2019hui plus rapidement que jamais.<\/p>\n                                                                                <\/div>\n                                                                                                                                                                                                                                        <a href=\"https:\/\/gdi.ch\/en\/publications\/studies\/decoding-food-culture-en#attr= \" class=\"button secondary black-text\" target=\"_blank\" rel=\"noopener\"><span><svg width=\"47\" height=\"29\" viewBox=\"0 0 47 29\" fill=\"none\" xmlns=\"http:\/\/www.w3.org\/2000\/svg\">\n<path d=\"M3.5 14.793L43.5 14.793\" stroke=\"#FFED00\" stroke-width=\"6\" stroke-linecap=\"round\" stroke-linejoin=\"round\"\/>\n<path d=\"M32.5 3.79297L43.5 14.793L32.5 25.793\" stroke=\"#FFED00\" stroke-width=\"6\" stroke-linecap=\"round\" stroke-linejoin=\"round\"\/>\n<\/svg>\n<span>D\u00e9couvrez d\u00e8s maintenant les tendances de consommation<\/span><\/span><\/a>                                                                                                                                                    <\/div>\n                                                                    <\/div>\n                                                                                                                            <\/div>\n                                                                                                            <\/div>\n                                                                                                                                    <\/div>\n                                                                            <div class=\"section\" id=\"lavenir-de-la-branche-systemes-technologiques-dans-la-restauration\">\n                                                                                                                                                <div class=\"subsection\">\n                                                                                                                    <h2 class=\"title\">Syst\u00e8mes technologiques dans la restauration<\/h2>\n                                                                                                                                                                            <div class=\"text\">\n                                                                <p>Dans l\u2019h\u00f4tellerie-restauration, il existe de nombreuses technologies qui permettent de rendre l\u2019\u00e9tablissement plus efficace et d\u2019am\u00e9liorer la satisfaction des clients. Voici quelques-unes des technologies les plus importantes utilis\u00e9es actuellement dans la branche.<\/p>\n                                                            <\/div>\n                                                                                                                                                                            <div class=\"cards\">\n                                                                                                                                    <div class=\"card\">\n                                                                        <div class=\"image\">\n                                                                                                                                                            <img loading=\"lazy\" decoding=\"async\" width=\"1024\" height=\"683\" src=\"https:\/\/www.avanti.swiss\/wp-content\/uploads\/2024\/07\/AdobeStock_127315327-1024x683.jpeg\" class=\"attachment-large size-large\" alt=\"\" srcset=\"https:\/\/www.avanti.swiss\/wp-content\/uploads\/2024\/07\/AdobeStock_127315327-1024x683.jpeg 1024w, https:\/\/www.avanti.swiss\/wp-content\/uploads\/2024\/07\/AdobeStock_127315327-300x200.jpeg 300w, https:\/\/www.avanti.swiss\/wp-content\/uploads\/2024\/07\/AdobeStock_127315327-768x512.jpeg 768w, https:\/\/www.avanti.swiss\/wp-content\/uploads\/2024\/07\/AdobeStock_127315327-1536x1024.jpeg 1536w, https:\/\/www.avanti.swiss\/wp-content\/uploads\/2024\/07\/AdobeStock_127315327-2048x1365.jpeg 2048w\" sizes=\"auto, (max-width: 1024px) 100vw, 1024px\" \/>                                                                                                                                                    <\/div>\n                                                                        <div class=\"text-and-button\">\n                                                                                                                                                            <div class=\"text\">\n                                                                                    <p>Les syst\u00e8mes POS modernes sont essentiels pour la gestion des commandes, des stocks et les paiements. Ils proposent des solutions bas\u00e9es sur le cloud qui permettent de contr\u00f4ler les donn\u00e9es en temps r\u00e9el et de les g\u00e9rer de n\u2019importe o\u00f9.<\/p>\n                                                                                <\/div>\n                                                                                                                                                                                                                                        <a href=\"https:\/\/tech.co\/pos-system\/best-restaurant-pos-systems\" class=\"button secondary black-text\" target=\"_blank\" rel=\"noopener\"><span><svg width=\"47\" height=\"29\" viewBox=\"0 0 47 29\" fill=\"none\" xmlns=\"http:\/\/www.w3.org\/2000\/svg\">\n<path d=\"M3.5 14.793L43.5 14.793\" stroke=\"#FFED00\" stroke-width=\"6\" stroke-linecap=\"round\" stroke-linejoin=\"round\"\/>\n<path d=\"M32.5 3.79297L43.5 14.793L32.5 25.793\" stroke=\"#FFED00\" stroke-width=\"6\" stroke-linecap=\"round\" stroke-linejoin=\"round\"\/>\n<\/svg>\n<span>En savoir plus<\/span><\/span><\/a>                                                                                                                                                    <\/div>\n                                                                    <\/div>\n                                                                                                                                    <div class=\"card\">\n                                                                        <div class=\"image\">\n                                                                                                                                                            <img loading=\"lazy\" decoding=\"async\" width=\"1024\" height=\"684\" src=\"https:\/\/www.avanti.swiss\/wp-content\/uploads\/2024\/07\/Reservation_1-1-1024x684.jpg\" class=\"attachment-large size-large\" alt=\"\" srcset=\"https:\/\/www.avanti.swiss\/wp-content\/uploads\/2024\/07\/Reservation_1-1-1024x684.jpg 1024w, https:\/\/www.avanti.swiss\/wp-content\/uploads\/2024\/07\/Reservation_1-1-300x200.jpg 300w, https:\/\/www.avanti.swiss\/wp-content\/uploads\/2024\/07\/Reservation_1-1-768x513.jpg 768w, https:\/\/www.avanti.swiss\/wp-content\/uploads\/2024\/07\/Reservation_1-1-1536x1026.jpg 1536w, https:\/\/www.avanti.swiss\/wp-content\/uploads\/2024\/07\/Reservation_1-1-2048x1368.jpg 2048w\" sizes=\"auto, (max-width: 1024px) 100vw, 1024px\" \/>                                                                                                                                                    <\/div>\n                                                                        <div class=\"text-and-button\">\n                                                                                                                                                            <div class=\"text\">\n                                                                                    <p>Les syst\u00e8mes de r\u00e9servation num\u00e9riques permettent aux clients de r\u00e9server une table en ligne et de g\u00e9rer leurs r\u00e9servations. Ces syst\u00e8mes sont aussi utilis\u00e9s pour informer les clients du nombre de places encore disponibles et de r\u00e9duire le temps d\u2019attente.<\/p>\n                                                                                <\/div>\n                                                                                                                                                                                                                                        <a href=\"https:\/\/fleksa.com\/blog\/8-best-restaurant-online-reservation-systems-in-2023\/\" class=\"button secondary black-text\" target=\"_blank\" rel=\"noopener\"><span><svg width=\"47\" height=\"29\" viewBox=\"0 0 47 29\" fill=\"none\" xmlns=\"http:\/\/www.w3.org\/2000\/svg\">\n<path d=\"M3.5 14.793L43.5 14.793\" stroke=\"#FFED00\" stroke-width=\"6\" stroke-linecap=\"round\" stroke-linejoin=\"round\"\/>\n<path d=\"M32.5 3.79297L43.5 14.793L32.5 25.793\" stroke=\"#FFED00\" stroke-width=\"6\" stroke-linecap=\"round\" stroke-linejoin=\"round\"\/>\n<\/svg>\n<span>En savoir plus<\/span><\/span><\/a>                                                                                                                                                    <\/div>\n                                                                    <\/div>\n                                                                                                                            <\/div>\n                                                                                                            <\/div>\n                                                                                                                                    <\/div>\n                                                                            <div class=\"section\" id=\"lavenir-de-la-branche-systemes-technologiques-dans-lhotellerie\">\n                                                                                                                                                <div class=\"subsection\">\n                                                                                                                    <h2 class=\"title\">Syst\u00e8mes technologiques dans l\u2019h\u00f4tellerie<\/h2>\n                                                                                                                                                                            <div class=\"text\">\n                                                                <p>Suivez les derniers d\u00e9veloppements technologiques dans l\u2019h\u00f4tellerie qui permettent d\u2019augmenter l\u2019efficacit\u00e9, d\u2019am\u00e9liorer l\u2019exp\u00e9rience client et de rester comp\u00e9titif. Restez \u00e0 la pointe du progr\u00e8s et participez \u00e0 la construction de l\u2019avenir!<\/p>\n                                                            <\/div>\n                                                                                                                                                                            <div class=\"cards\">\n                                                                                                                                    <div class=\"card\">\n                                                                        <div class=\"image\">\n                                                                                                                                                            <img loading=\"lazy\" decoding=\"async\" width=\"1024\" height=\"708\" src=\"https:\/\/www.avanti.swiss\/wp-content\/uploads\/2024\/07\/2024-Hotel-Tech-Ecosystem-Market-Map-1024x708.jpg\" class=\"attachment-large size-large\" alt=\"\" srcset=\"https:\/\/www.avanti.swiss\/wp-content\/uploads\/2024\/07\/2024-Hotel-Tech-Ecosystem-Market-Map-1024x708.jpg 1024w, https:\/\/www.avanti.swiss\/wp-content\/uploads\/2024\/07\/2024-Hotel-Tech-Ecosystem-Market-Map-300x208.jpg 300w, https:\/\/www.avanti.swiss\/wp-content\/uploads\/2024\/07\/2024-Hotel-Tech-Ecosystem-Market-Map-768x531.jpg 768w, https:\/\/www.avanti.swiss\/wp-content\/uploads\/2024\/07\/2024-Hotel-Tech-Ecosystem-Market-Map-1536x1063.jpg 1536w, https:\/\/www.avanti.swiss\/wp-content\/uploads\/2024\/07\/2024-Hotel-Tech-Ecosystem-Market-Map-2048x1417.jpg 2048w\" sizes=\"auto, (max-width: 1024px) 100vw, 1024px\" \/>                                                                                                                                                    <\/div>\n                                                                        <div class=\"text-and-button\">\n                                                                                                                                                            <div class=\"text\">\n                                                                                    <p>Gr\u00e2ce aux syst\u00e8mes conviviaux des domaines tels que le back office, la gestion des salaires, le marketing ou l\u2019exp\u00e9rience client, vos processus de travail sont optimis\u00e9s et l\u2019efficacit\u00e9 de vos employ\u00e9s est maximis\u00e9e. La Market Map r\u00e9unit pour vous les syst\u00e8mes les plus courants sur le march\u00e9.<\/p>\n                                                                                <\/div>\n                                                                                                                                                                                                                                        <a href=\"https:\/\/www.research.hoteltechreport.com\/2024-market-leaders-report\/\" class=\"button secondary black-text\" target=\"_blank\" rel=\"noopener\"><span><svg width=\"47\" height=\"29\" viewBox=\"0 0 47 29\" fill=\"none\" xmlns=\"http:\/\/www.w3.org\/2000\/svg\">\n<path d=\"M3.5 14.793L43.5 14.793\" stroke=\"#FFED00\" stroke-width=\"6\" stroke-linecap=\"round\" stroke-linejoin=\"round\"\/>\n<path d=\"M32.5 3.79297L43.5 14.793L32.5 25.793\" stroke=\"#FFED00\" stroke-width=\"6\" stroke-linecap=\"round\" stroke-linejoin=\"round\"\/>\n<\/svg>\n<span>En savoir plus<\/span><\/span><\/a>                                                                                                                                                    <\/div>\n                                                                    <\/div>\n                                                                                                                            <\/div>\n                                                                                                            <\/div>\n                                                                                                                                    <\/div>\n                                                                                                <\/div>\n                        <\/div>\n                    <\/div>\n                                                        <\/div>\n    <\/div>\n<\/section>\n\n\n\n<section class=\"block block-interviews  gutters\">\n    <div class=\"container\">\n                    <h2 class=\"title big\">De nombreux chemins m\u00e8nent \u00e0 l\u2019h\u00f4tellerie-restauration <\/h2>\n                <div class=\"horizontal-scroll-container cards-wrapper\" data-breakpoint=\"767\" data-cardIndex=\"0\">\n                        <div class=\"cards horizontal-scroll\">\n                                    <div class=\"card horizontal-scroll-item\">\n                        <div class=\"image\">\n                            <img loading=\"lazy\" decoding=\"async\" width=\"683\" height=\"1024\" src=\"https:\/\/www.avanti.swiss\/wp-content\/uploads\/2024\/07\/Adem-Oezuetuerk_022_20240315-683x1024.jpg\" class=\"attachment-large size-large wp-post-image\" alt=\"\" srcset=\"https:\/\/www.avanti.swiss\/wp-content\/uploads\/2024\/07\/Adem-Oezuetuerk_022_20240315-683x1024.jpg 683w, https:\/\/www.avanti.swiss\/wp-content\/uploads\/2024\/07\/Adem-Oezuetuerk_022_20240315-200x300.jpg 200w, https:\/\/www.avanti.swiss\/wp-content\/uploads\/2024\/07\/Adem-Oezuetuerk_022_20240315-768x1152.jpg 768w, https:\/\/www.avanti.swiss\/wp-content\/uploads\/2024\/07\/Adem-Oezuetuerk_022_20240315-1024x1536.jpg 1024w, https:\/\/www.avanti.swiss\/wp-content\/uploads\/2024\/07\/Adem-Oezuetuerk_022_20240315-1365x2048.jpg 1365w, https:\/\/www.avanti.swiss\/wp-content\/uploads\/2024\/07\/Adem-Oezuetuerk_022_20240315-scaled.jpg 1707w\" sizes=\"auto, (max-width: 683px) 100vw, 683px\" \/>                                                            <div class=\"interviewee-wrapper\">\n                                    <div class=\"interviewee\">\n                                        <div class=\"name\">Adem \u00d6z\u00fct\u00fcrk<\/div>\n                                                                                    <div class=\"position\">G\u00e9rant et chef de cuisine<\/div>\n                                                                            <\/div>\n                                <\/div>\n                                                    <\/div>\n                        <div class=\"excerpt\">Autrefois \u00e0 la plonge, aujourd\u2019hui au ch\u00e2teau: une carri\u00e8re dans la gastronomie.<\/div>\n                        \n                        <div class=\"button-wrapper\">                            \n                            <a href=\"https:\/\/www.avanti.swiss\/fr\/interview\/autrefois-a-la-plonge-aujourdhui-au-chateau\/\" class=\"button secondary black-text\"><span><svg width=\"47\" height=\"29\" viewBox=\"0 0 47 29\" fill=\"none\" xmlns=\"http:\/\/www.w3.org\/2000\/svg\">\n<path d=\"M3.5 14.793L43.5 14.793\" stroke=\"#FFED00\" stroke-width=\"6\" stroke-linecap=\"round\" stroke-linejoin=\"round\"\/>\n<path d=\"M32.5 3.79297L43.5 14.793L32.5 25.793\" stroke=\"#FFED00\" stroke-width=\"6\" stroke-linecap=\"round\" stroke-linejoin=\"round\"\/>\n<\/svg>\n<span>En savoir plus<\/span><\/span><\/a>                        <\/div>\n                    <\/div>\n                            <\/div>\n        <\/div>\n    <\/div>\n<\/section>","protected":false},"excerpt":{"rendered":"","protected":false},"author":3,"featured_media":977,"parent":0,"menu_order":0,"comment_status":"closed","ping_status":"closed","template":"","meta":{"_acf_changed":false,"footnotes":""},"class_list":["post-1248","page","type-page","status-publish","has-post-thumbnail","hentry"],"acf":[],"_links":{"self":[{"href":"https:\/\/www.avanti.swiss\/fr\/wp-json\/wp\/v2\/pages\/1248","targetHints":{"allow":["GET"]}}],"collection":[{"href":"https:\/\/www.avanti.swiss\/fr\/wp-json\/wp\/v2\/pages"}],"about":[{"href":"https:\/\/www.avanti.swiss\/fr\/wp-json\/wp\/v2\/types\/page"}],"author":[{"embeddable":true,"href":"https:\/\/www.avanti.swiss\/fr\/wp-json\/wp\/v2\/users\/3"}],"replies":[{"embeddable":true,"href":"https:\/\/www.avanti.swiss\/fr\/wp-json\/wp\/v2\/comments?post=1248"}],"version-history":[{"count":18,"href":"https:\/\/www.avanti.swiss\/fr\/wp-json\/wp\/v2\/pages\/1248\/revisions"}],"predecessor-version":[{"id":2353,"href":"https:\/\/www.avanti.swiss\/fr\/wp-json\/wp\/v2\/pages\/1248\/revisions\/2353"}],"wp:featuredmedia":[{"embeddable":true,"href":"https:\/\/www.avanti.swiss\/fr\/wp-json\/wp\/v2\/media\/977"}],"wp:attachment":[{"href":"https:\/\/www.avanti.swiss\/fr\/wp-json\/wp\/v2\/media?parent=1248"}],"curies":[{"name":"wp","href":"https:\/\/api.w.org\/{rel}","templated":true}]}}