{"id":1252,"date":"2024-05-29T14:01:29","date_gmt":"2024-05-29T14:01:29","guid":{"rendered":"https:\/\/www.avanti.swiss\/interview\/ich-will-unsere-handwerkskunst-am-leben-erhalten\/"},"modified":"2024-09-25T13:41:10","modified_gmt":"2024-09-25T13:41:10","slug":"je-veux-faire-vivre-et-perdurer-notre-metier-et-notre-savoir-faire","status":"publish","type":"interview","link":"https:\/\/www.avanti.swiss\/fr\/interview\/je-veux-faire-vivre-et-perdurer-notre-metier-et-notre-savoir-faire\/","title":{"rendered":"\u00abJe veux faire vivre et perdurer notre m\u00e9tier et notre savoir-faire.\u00bb"},"content":{"rendered":"<section class=\"block block-article-hero gutters \" >\n    <div class=\"container\">\n        <div class=\"wrap\">\n                        <h1 class=\"title\">\u00abJe veux faire vivre et perdurer notre m\u00e9tier et notre savoir-faire.\u00bb<\/h1>\n            <div class=\"description\">\n                <p>Deux \u00e9tablissements, deux concepts, une cheffe de cuisine: Corin Schmid assume la responsabilit\u00e9 ex\u00e9cutive des deux restaurants zurichois Drei Stuben et The Artisan. Comment parvient-elle \u00e0 satisfaire ses exigences et ses valeurs en passant d\u2019un \u00e9tablissement \u00e0 l\u2019autre, tout en restant toujours aussi enjou\u00e9e?<\/p>\n            <\/div>\n            <div class=\"row\">\n                <div class=\"col-6 date\">\n                    Corinne Nusskern, GastroJournal                <\/div>\n                <div class=\"col-6 contacts\">\n                                                                                                        <a href=\"https:\/\/linkedin\" >\n                                                                    <\/a>\n                                                                                                                <a href=\"https:\/\/wa.me\/1234567890\" target=\"_blank\" rel=\"noopener\">\n                                                                    <\/a>\n                                                                                                                <a href=\"mailto:test@gmail.com\" >\n                                                                    <\/a>\n                                                                                        <\/div>\n            <\/div>\n        <\/div>\n    <\/div>\n<\/section>\n\n<section class=\"block block-slick-gallery \">\n    <div class=\"container gutters\">\n        <div class=\"cards \">\n                            <div class=\"card \">\n                                                                                <img loading=\"lazy\" decoding=\"async\" width=\"1707\" height=\"2560\" src=\"https:\/\/www.avanti.swiss\/wp-content\/uploads\/2024\/07\/Corin-Schmid_002_20231129_c_Daniel_Winkler-scaled-e1720616128154.jpg\" class=\"attachment-full size-full\" alt=\"\" \/>                                                                                                <h3 class=\"title\">Source: GastroJournal<\/h3>\n                                    <\/div>\n                    <\/div>\n    <\/div>\n<\/section>\n\n\n<div class=\"block block-heading gutters\">\n<h2 class=\"wp-block-heading\">Jeune et engag\u00e9e: Corin Schmid, cheffe de cuisine de deux restaurants<\/h2>\n<\/div>\n\n<div class=\"block block-paragraph gutters\">\n<p>Perdre son temps \u00e0 rester assise, tr\u00e8s peu pour elle: Corin Schmid (31 ans) s\u2019active en permanence. C\u2019est ainsi qu\u2019elle g\u00e8re son quotidien exigeant en tant que cheffe de cuisine des deux \u00e9tablissements zurichois, le Drei Stuben (10&nbsp;collaborateurs, 75 places \u00e0 l\u2019int\u00e9rieur, 90 \u00e0 l\u2019ext\u00e9rieur) et The Artisan (20&nbsp;collaborateurs, 100&nbsp;places \u00e0 l\u2019int\u00e9rieur et \u00e0 l\u2019ext\u00e9rieur). Elle est soutenue par deux \u00e9quipes engag\u00e9es et par Mark Thommen, cuisinier exp\u00e9riment\u00e9 originaire d\u2019Australie, qui officie en tant que g\u00e9rant avec ses partenaires (Nordgarten Gastronomie).<\/p>\n<\/div>\n\n<div class=\"block block-paragraph gutters\">\n<p><br>Corin Schmid a fait son apprentissage de cuisini\u00e8re \u00e0 l\u2019h\u00f4tel Metropol, \u00e0 Arbon (TG). Elle a appris la p\u00e2tisserie par la pratique au restaurant Netts, \u00e0 Saint-Gall, et a encha\u00een\u00e9 avec un stage de service. Apr\u00e8s une courte p\u00e9riode dans le service, c\u2019\u00e9tait clair: \u00abje veux retourner en cuisine, je ne me vois nulle part ailleurs\u00bb. S\u2019ensuivirent quatre ann\u00e9es chez Anton Mosimann au Belfry, \u00e0 Londres. Il y a six ans, elle a d\u00e9but\u00e9 \u00e0 The Artisan et il y a trois ans, elle a repris le poste de cheffe de cuisine de Mark Thommen. Depuis novembre 2022, elle est \u00e9galement cheffe de cuisine au restaurant Drei Stuben. Corin Schmid a grandi \u00e0 Egnach en Thurgovie et vit \u00e0 Zurich.<\/p>\n<\/div>\n\n<div class=\"block block-heading gutters\">\n<h3 class=\"wp-block-heading\"><\/h3>\n<\/div>\n\n<div class=\"block block-paragraph gutters\">\n<p>La Thurgovienne de 31 ans assume \u00e9galement la responsabilit\u00e9 de la cuisine du restaurant <a href=\"https:\/\/www.theartisan.ch\/\" target=\"_blank\" rel=\"noreferrer noopener\">The Artisan<\/a>&nbsp;\u00e0 Zu\u00adrich-Wipkingen. Ce double r\u00f4le lui convient \u00e0 merveille et lui permet de donner libre cours \u00e0 sa cr\u00e9ativit\u00e9 qui se retrouve dans ses plats aromatiques. Mais ce travail est \u00e9galement tr\u00e8s exigeant.<\/p>\n<\/div>\n\n<div class=\"block block-paragraph gutters\">\n<p><strong>Corin Schmid, la p\u00e9nurie de personnel est-elle aujourd\u2019hui si importante qu\u2019en tant que cheffe de cuisine, vous devez assumer la responsabilit\u00e9 de deux restaurants \u00e0 la fois?<\/strong><br><em><strong>Corin Schmid:<\/strong><\/em>&nbsp;La p\u00e9nurie de main-d\u2019\u0153uvre n\u2019est apparue qu\u2019apr\u00e8s que j\u2019ai d\u00e9cid\u00e9 de reprendre le Drei Stuben en tant que cheffe de cuisine en plus de The Artisan. Mais entre-temps, ce probl\u00e8me s\u2019est aussi pos\u00e9 chez nous. Mon quotidien est plut\u00f4t intense en ce moment (elle rit).<\/p>\n<\/div>\n\n<div class=\"block block-paragraph gutters\">\n<p><strong>Comment en arrive-t-on \u00e0 reprendre un deuxi\u00e8me \u00e9tablissement en tant que cheffe de cuisine?<\/strong><br>C\u2019est une histoire amusante. Je travaille \u00e0 The Artisan depuis six ans; il y a quelque temps, le g\u00e9rant Mark Thommen m\u2019a demand\u00e9 si j\u2019\u00e9tait tent\u00e9e par un deuxi\u00e8me restaurant. Quand j\u2019ai entendu le nom Drei Stuben j\u2019ai tout de suite r\u00e9pondu que j\u2019\u00e9tais d\u2019accord. Pour moi, c\u2019\u00e9tait un retour aux sources vu que j\u2019y ai d\u00e9j\u00e0 travaill\u00e9 il y a dix ans, aupr\u00e8s de Marco Per\u00f2. Le Drei Stuben, c\u2019est vraiment un \u00e9tablissement sp\u00e9cial.<\/p>\n<\/div>\n\n<div class=\"block block-paragraph gutters\">\n<p><strong>Les deux \u00e9tablissements sont ouverts sept jours sur sept, comment vous r\u00e9partissez-vous les t\u00e2ches?<\/strong><br>Je passe environ la moiti\u00e9 du temps dans chacun des restaurants. Je suis en quelque sorte le \u00abjoker\u00bb des deux \u00e9tablissements lorsque quelqu\u2019un doit \u00eatre remplac\u00e9, en cas de changement de menu ou lorsqu\u2019un impr\u00e9vu survient. Dans ces cas, je me rends imm\u00e9diatement au restaurant. Cela fonctionne gr\u00e2ce aux deux diff\u00e9rentes \u00e9quipes qui me soutiennent \u00e0 cent pour cent. Je n\u2019ai pas d\u2019emploi du temps r\u00e9gulier pour l\u2019instant, mais cette mani\u00e8re de travailler me pla\u00eet et les deux concepts laissent beaucoup de place \u00e0 la cr\u00e9ativit\u00e9. C\u2019est stimulant, j\u2019adore mon travail!<\/p>\n<\/div>\n\n<div class=\"block block-paragraph gutters\">\n<p><strong>C\u00f4t\u00e9 cuisine, le restaurant Drei Stuben, vieux de 200&nbsp;ans, propose des platstraditionnels suisses, comme l\u2019entrec\u00f4te \u00abSt\u00fcbli\u00bb. <\/strong> <strong>Au restaurant The Artisan, c\u2019est une cuisine urbaine, bio et de jardin qui domine, avec des brunches \u00e0 la carte.<br>Avec quelle facilit\u00e9 passez-vous d\u2019un univers culinaire \u00e0 l\u2019autre??<\/strong><br>Sans probl\u00e8me. Lorsque je cr\u00e9e un nouveau menu, je le fais sur place, au sein du restaurant. \u00c0 The Artisan, je traverse le jardin et je suis tout de suite dans l\u2019ambiance. Si je suis assise dans le salon rustique du Drei Stuben, l\u2019atmosph\u00e8re et les sensations ressenties sont en harmonie.<\/p>\n<\/div>\n\n<div class=\"block block-paragraph gutters\">\n<p><strong>Les<br>\u00e9tablissements ont-ils des points communs sur le plan gastronomique?<\/strong><br>Oui, le d\u00e9nominateur commun est le lien \u00e0 la nature. \u00c0 The&nbsp;Artisan, c\u2019est notre propre potager bio, et au Drei Stuben, nous avons Helga, une dame \u00e2g\u00e9e qui parcourt les for\u00eats zurichoises et cueille pour nous baies, champignons, fleurs et herbes sauvages. Elle m\u2019a m\u00eame d\u00e9j\u00e0 emmen\u00e9 dans ses coins secrets. R\u00e9cemment, elle est revenue de sa cueillette avec 3&nbsp;kilos de bolets, avec lesquels nous avons cr\u00e9\u00e9 un plat juste avant le service du soir. Po\u00eal\u00e9e de bolets au jaune d\u2019\u0153uf, cr\u00e8me de fines herbes, jus de veau et crumble de levain. Avec bien s\u00fbr l\u2019histoire du plat. Les clients adorent \u00e7a et tout a \u00e9t\u00e9 vendu le soir m\u00eame.<\/p>\n<\/div>\n\n<div class=\"wp-block-image\">\n<figure class=\"alignleft size-large\"><img loading=\"lazy\" decoding=\"async\" width=\"1024\" height=\"683\" src=\"https:\/\/wordpress-113628-4585451.cloudwaysapps.com\/wp-content\/uploads\/2024\/07\/Corin-Schmid_043_20231129-1024x683.jpg\" alt=\"\" class=\"wp-image-851\" srcset=\"https:\/\/www.avanti.swiss\/wp-content\/uploads\/2024\/07\/Corin-Schmid_043_20231129-1024x683.jpg 1024w, https:\/\/www.avanti.swiss\/wp-content\/uploads\/2024\/07\/Corin-Schmid_043_20231129-300x200.jpg 300w, https:\/\/www.avanti.swiss\/wp-content\/uploads\/2024\/07\/Corin-Schmid_043_20231129-768x512.jpg 768w, https:\/\/www.avanti.swiss\/wp-content\/uploads\/2024\/07\/Corin-Schmid_043_20231129-1536x1024.jpg 1536w, https:\/\/www.avanti.swiss\/wp-content\/uploads\/2024\/07\/Corin-Schmid_043_20231129-2048x1365.jpg 2048w\" sizes=\"auto, (max-width: 1024px) 100vw, 1024px\" \/><\/figure>\n<\/div>\n\n<div class=\"block block-paragraph gutters\">\n<p><strong>Les<br>deux \u00e9tablissements se concentrent sur les produits r\u00e9gionaux et une cuisine<br>slowfood. Dans quelle mesure pouvez-vous mettre des synergies en place?<\/strong><br>Nous collaborons avec les m\u00eames producteurs pour les deux restaurants. Je passe commande en m\u00eame temps pour les deux \u00e9tablissements et je fixe un jour de livraison identique. Cela permet d\u2019\u00e9conomiser du temps, des co\u00fbts et de l\u2019\u00e9nergie.<\/p>\n<\/div>\n\n<div class=\"block block-paragraph gutters\">\n<p><strong>Vous accordez une grande importance \u00e0 la provenance des produits et aux producteurs<\/strong><br>Oui, nous entretenons des contacts \u00e9troits avec nos producteurs. Nous leur rendons visite afin que nos cuisiniers voient d\u2019o\u00f9 viennent les produits. Nous travaillons avec Slow Grow \u00e0 M\u00f6nchaltdorf, la boucherie bio Gebr\u00fcder Weber \u00e0 Wetzikon, la boulangerie Edwin Wagner \u00e0 Wiedikon, le r\u00e9seau Marinello Farm ou avec la manufacture de mozzarella Idea Salentina \u00e0 Kemptthal. Un jour, je me suis aper\u00e7ue que je proposais toujours un plat avec leur stracciatella dans les deux restaurants. Ce produit est tout simplement irr\u00e9sistible.<\/p>\n<\/div>\n\n<div class=\"block block-paragraph gutters\">\n<p><strong>Quelles sont les limites auxquelles se heurte cette strat\u00e9gie?<\/strong><br>Au d\u00e9but, j\u2019avais du mal en hiver, car seuls les l\u00e9gumes-racines comme la betterave, le panais ou le c\u00e9leri poussent en cette saison. J\u2019ai donc appris \u00e0 sortir des sentiers battus. Apr\u00e8s trois&nbsp;mois de tests intensifs, j\u2019ai cr\u00e9\u00e9 un plat qui m\u2019accompagne depuis des ann\u00e9es dans de nouvelles variantes et qui est r\u00e9guli\u00e8rement sur la carte des deux restaurants: un bourguignon de l\u00e9gumes-racines. Pour cela, je pr\u00e9pare un jus \u00e0 base de 30&nbsp;l\u00e9gumes-racines diff\u00e9rents grill\u00e9s et d\u2019un m\u00e9lange d\u2019herbes. Ensuite, les l\u00e9gumes sont d\u00e9shydrat\u00e9s jusqu\u2019\u00e0 ce qu\u2019ils aient une consistance charnue, puis ils sont ajout\u00e9s \u00e0 la r\u00e9duction pour remplacer la viande. Parfois j\u2019y ajoute un champignon fum\u00e9 ou je l\u2019int\u00e8gre dans notre menu \u00abWild ohne Wild\u00bb (sauvage, sans gibier).<\/p>\n<\/div>\n\n<div class=\"block block-paragraph gutters\">\n<p><strong>Cela demande \u00e9norm\u00e9ment de travail<\/strong><br>Chez nous, tout est fait \u00e0 la main! Je suis une grande fan de notre m\u00e9tier, il est important de le pr\u00e9server. Tous mes cuisiniers travaillent avec plaisir de cette mani\u00e8re. Nous commandons des b\u00eates enti\u00e8res, les d\u00e9sossons nous-m\u00eames et utilisons tout. Cela prend beaucoup de temps et c\u2019est tr\u00e8s salissant (rires). Mais cela ne d\u00e9range pas mon sous-chef Beni qui aime s\u2019occuper de \u00e7a.<\/p>\n<\/div>\n\n<div class=\"block block-paragraph gutters\">\n<p><strong>Ce lien avec la nature et le respect de l\u2019animal, dans quelle mesure cela a-t-il un rapport avec vous personnellement?<\/strong><br>Dans une grande mesure. J\u2019ai grandi \u00e0 la campagne, dans une ferme \u00e0 Egnach, dans le canton de Thurgovie. Nous avions beaucoup d\u2019animaux: des lapins, des poules, des chiens et des chats. L\u2019amour et le respect des animaux et de la nature sont profond\u00e9ment ancr\u00e9s dans mes racines. J\u2019aime retourner \u00e0 Egnach. Je peux me d\u00e9tendre et retrouver un nouveau souffle.<\/p>\n<\/div>\n\n<div class=\"block block-paragraph gutters\">\n<p><strong>Vous avez travaill\u00e9 quatre ans chez Anton Mosimann dans son \u00abBelfry &amp; Private Dining Rooms\u00bb, \u00e0 Londres?<\/strong><br>Oui. Je ne voulais y rester qu\u2019un an, j\u2019en ai pass\u00e9 quatre (rires). J\u2019ai organis\u00e9 tant de super \u00e9v\u00e9nements avec lui, y compris \u00e0 Buckingham Palace. Anton s\u2019y prom\u00e8ne comme s\u2019il y \u00e9tait chez lui. C\u2019est un autre monde et assez impressionnant, m\u00eame la cuisine: elle est aussi grande qu\u2019un gymnase et puis la brigade, \u00e9norme.<\/p>\n<\/div>\n\n<div class=\"block block-paragraph gutters\">\n<p><strong>En tant que jeune cuisini\u00e8re, qu\u2019avez-vous retenu du grand Sir Anton? Qu\u2019est-ce qui vous a le plus marqu\u00e9e?<\/strong><br>Il a toujours dit: \u00abJe suis le dernier chef de cuisine gentleman.\u00bb Et il vit en conformit\u00e9 avec ses principes. Dans sa cuisine, on travaille de mani\u00e8re disciplin\u00e9e et respectueuse. On se soutient mutuellement, toujours sur un ton d\u00e9cent. Et il a raison! Cela contribue \u00e9norm\u00e9ment \u00e0 l\u2019ambiance de travail. Personne n&rsquo;a envie travailler dans une cuisine o\u00f9 l\u2019on se fait injurier, ni o\u00f9 r\u00e8gne la concurrence. Il faut tirer le meilleur parti de chacun. C\u2019est ce que j\u2019ai appris avec lui. Lorsque je recrute, j\u2019aborde ce point lors de l\u2019entretien d\u2019embauche. Pour moi, la coop\u00e9ration est tr\u00e8s importante. Avec lui, j\u2019ai aussi appris \u00e0 pocher un \u0153uf \u00e0 la perfection (rires)! Tr\u00e8s utile, car \u00e0 The Artisan, il arrive qu\u2019on doive pocher 300 \u0153ufs lors d\u2019un brunch\u2026<\/p>\n<\/div>\n\n<div class=\"block block-paragraph gutters\">\n<p><strong>Lors de la cr\u00e9ation d\u2019un nouveau plat, qu\u2019est-ce qui arrive en premier: le produit ou l\u2019id\u00e9e?<\/strong><br>Les cartes changent tous les deux mois. Parfois un produit de saison est mis en avant, parfois je d\u00e9couvre une nouveaut\u00e9 d\u2019un producteur. En automne, Helga a apport\u00e9 des coings sauvages. Ils sont plus petits, moins duveteux et leur ar\u00f4me est \u00e0 tomber. Je les ai mis en conserve et les ai servis en entr\u00e9e pour le brunch, avec de la stracciatella et du granola de sarrasin. Mais je suis aussi une grande fan des techniques et plats classiques. J\u2019aime les interpr\u00e9ter diff\u00e9remment, un filet de b\u0153uf Wellington se transforme alors en courge Wellington\u2026<\/p>\n<\/div>\n\n<div class=\"block block-paragraph gutters\">\n<p><strong>Le secteur de la restauration est en pleine mutation. Entre nouveaux mod\u00e8les de travail et p\u00e9nurie de personnel, quelle est votre approche pour qu\u2019un \u00e9tablissement puisse survivre durablement?<\/strong><br>Nous relevons les d\u00e9fis du secteur en favorisant un climat de travail positif et en proposant des perspectives d&rsquo;avenir, afin d\u2019attirer et de fid\u00e9liser les collaborateurs qui sont capables de travailler de mani\u00e8re flexible dans diff\u00e9rents postes. En outre, nous continuons de valoriser la qualit\u00e9 et nous donnons le meilleur de nous-m\u00eames pour travailler en harmonie avec l\u2019environnement. Nous recherchons en permanence l\u2019innovation afin d\u2019optimiser nos menus, nos concepts et nos ressources. Ainsi nous faisons face \u00e0 la p\u00e9nurie du personnel et \u00e0 la croissance des co\u00fbts.<\/p>\n<\/div>\n\n<div class=\"block block-paragraph gutters\">\n<p><strong>\u00catre la cheffe de cuisine de deux \u00e9tablissements pr\u00e9sente de nombreux avantages. Quels sont les inconv\u00e9nients?<\/strong><br>Bien qu\u2019il soit actuellement presque impossible de planifier mes loisirs, je dois prendre le temps de d\u00e9compresser. Sur le plan social, il est aussi parfois difficile d\u2019\u00eatre pleinement pr\u00e9sente pour les deux \u00e9quipes. Beaucoup m\u2019appellent \u00abmaman\u00bb (rires). Car si quelqu\u2019un ne va pas bien, j\u2019ai envie de m\u2019asseoir aupr\u00e8s de cette personne et d\u2019essayer de r\u00e9soudre le probl\u00e8me. Seulement, parfois c\u2019est justement le moment o\u00f9 je suis dans l\u2019autre \u00e9tablissement.<br><strong>O\u00f9 vous emm\u00e8ne votre voyage culinaire? Qu\u2019est-ce qui vous attend encore?<\/strong><br>J\u2019adorerais \u00e9crire un livre de cuisine sur The Artisan, son jardin et tous les projets que nous y menons. Nous avons notamment une machine \u00e0 compost qui, gr\u00e2ce \u00e0 des enzymes, transforme les restes alimentaires en terreau compostable en l\u2019espace de 24\u00a0heures. Une partie de ce compost atterrit dans les champs de notre producteur Slow Grow. Ils y plantent pour nous l\u2019arroche des jardins, plante herbac\u00e9e presque oubli\u00e9e, que nous int\u00e9grons aujourd\u2019hui dans des plats. Je raconterais de telles histoires dans le livre, compl\u00e9t\u00e9es par des recettes. J\u2019ai bon espoir que cela se produise un jour.<\/p>\n<\/div>\n\n<div class=\"block block-paragraph gutters\">\n<p><strong>C\u2019est bient\u00f4t No\u00ebl. Comment le c\u00e9l\u00e9brez-vous?<\/strong><br>Pour moi, No\u00ebl signifie rentrer chez moi \u00e0 Egnach, cuisiner avec mes parents, me d\u00e9tendre et ne rien faire. Ensuite, j\u2019irai me pr\u00e9lasser quelque part sur une plage pour recharger mes batteries et commencer la nouvelle ann\u00e9e pleine d&rsquo;\u00e9nergie. Un programme qui a fait ses preuves.<\/p>\n<\/div>\n\n<div class=\"block block-paragraph gutters\">\n<p><strong>Si vous pouviez faire un v\u0153u pour 2024, quel serait-il? <br><\/strong>D\u00e9placer le Drei Stuben sur une plage, avec un bar devant le restaurant, et g\u00e9rer le tout de cet endroit.<\/p>\n<\/div>\n\n<div class=\"block block-paragraph gutters\">\n<p><em>Source: <a href=\"https:\/\/gastrojournal.ch\/home\/gastronomie\/ich-will-unsere-handwerkskunst-am-leben-erhalten\" target=\"_blank\" rel=\"noreferrer noopener\">GastroJournal<\/a><\/em><\/p>\n<\/div>\n\n\n<section class=\"block block-interviews  gutters\">\n    <div class=\"container\">\n                    <h2 class=\"title default\">D\u2019autres histoires, qui pourraient vous int\u00e9resser<\/h2>\n                <div class=\"horizontal-scroll-container cards-wrapper\" data-breakpoint=\"767\" data-cardIndex=\"0\">\n                        <div class=\"cards horizontal-scroll\">\n                                    <div class=\"card horizontal-scroll-item\">\n                        <div class=\"image\">\n                            <img loading=\"lazy\" decoding=\"async\" width=\"574\" height=\"439\" src=\"https:\/\/www.avanti.swiss\/wp-content\/uploads\/2024\/05\/4_3.png\" class=\"attachment-large size-large wp-post-image\" alt=\"\" srcset=\"https:\/\/www.avanti.swiss\/wp-content\/uploads\/2024\/05\/4_3.png 574w, https:\/\/www.avanti.swiss\/wp-content\/uploads\/2024\/05\/4_3-300x229.png 300w\" sizes=\"auto, (max-width: 574px) 100vw, 574px\" \/>                                                            <div class=\"interviewee-wrapper\">\n                                    <div class=\"interviewee\">\n                                        <div class=\"name\">Amanda Wassmer-Bulgin<\/div>\n                                                                                    <div class=\"position\">Sommeli\u00e8re, Weindirektorin<\/div>\n                                                                            <\/div>\n                                <\/div>\n                                                    <\/div>\n                        <div class=\"excerpt\">Die Rolle der \u00abworking moms\u00bb im Gastgewerbe<\/div>\n                        \n                        <div class=\"button-wrapper\">                            \n                            <a href=\"https:\/\/www.avanti.swiss\/interview\/working-moms-im-gastgewerbe\/\" class=\"button secondary black-text\"><span><svg width=\"47\" height=\"29\" viewBox=\"0 0 47 29\" fill=\"none\" xmlns=\"http:\/\/www.w3.org\/2000\/svg\">\n<path d=\"M3.5 14.793L43.5 14.793\" stroke=\"#FFED00\" stroke-width=\"6\" stroke-linecap=\"round\" stroke-linejoin=\"round\"\/>\n<path d=\"M32.5 3.79297L43.5 14.793L32.5 25.793\" stroke=\"#FFED00\" stroke-width=\"6\" stroke-linecap=\"round\" stroke-linejoin=\"round\"\/>\n<\/svg>\n<span>En savoir plus<\/span><\/span><\/a>                        <\/div>\n                    <\/div>\n                                    <div class=\"card horizontal-scroll-item\">\n                        <div class=\"image\">\n                            <img loading=\"lazy\" decoding=\"async\" width=\"1024\" height=\"822\" src=\"https:\/\/www.avanti.swiss\/wp-content\/uploads\/2024\/07\/Adem-Oezuetuerk_022_20240315-scaled-e1721221282202-1024x822.jpg\" class=\"attachment-large size-large wp-post-image\" alt=\"\" srcset=\"https:\/\/www.avanti.swiss\/wp-content\/uploads\/2024\/07\/Adem-Oezuetuerk_022_20240315-scaled-e1721221282202-1024x822.jpg 1024w, https:\/\/www.avanti.swiss\/wp-content\/uploads\/2024\/07\/Adem-Oezuetuerk_022_20240315-scaled-e1721221282202-300x241.jpg 300w, https:\/\/www.avanti.swiss\/wp-content\/uploads\/2024\/07\/Adem-Oezuetuerk_022_20240315-scaled-e1721221282202-768x616.jpg 768w, https:\/\/www.avanti.swiss\/wp-content\/uploads\/2024\/07\/Adem-Oezuetuerk_022_20240315-scaled-e1721221282202-1536x1233.jpg 1536w, https:\/\/www.avanti.swiss\/wp-content\/uploads\/2024\/07\/Adem-Oezuetuerk_022_20240315-scaled-e1721221282202.jpg 1706w\" sizes=\"auto, (max-width: 1024px) 100vw, 1024px\" \/>                                                            <div class=\"interviewee-wrapper\">\n                                    <div class=\"interviewee\">\n                                        <div class=\"name\">Adem \u00d6z\u00fct\u00fcrk<\/div>\n                                                                                    <div class=\"position\">P\u00e4chter und K\u00fcchenchef<\/div>\n                                                                            <\/div>\n                                <\/div>\n                                                    <\/div>\n                        <div class=\"excerpt\">Einst in der Sp\u00fclk\u00fcche, heute im Schloss &#8211; eine Karriere im Gastgewerbe.<\/div>\n                        \n                        <div class=\"button-wrapper\">                            \n                            <a href=\"https:\/\/www.avanti.swiss\/interview\/karriere-im-gastgewerbe\/\" class=\"button secondary black-text\"><span><svg width=\"47\" height=\"29\" viewBox=\"0 0 47 29\" fill=\"none\" xmlns=\"http:\/\/www.w3.org\/2000\/svg\">\n<path d=\"M3.5 14.793L43.5 14.793\" stroke=\"#FFED00\" stroke-width=\"6\" stroke-linecap=\"round\" stroke-linejoin=\"round\"\/>\n<path d=\"M32.5 3.79297L43.5 14.793L32.5 25.793\" stroke=\"#FFED00\" stroke-width=\"6\" stroke-linecap=\"round\" stroke-linejoin=\"round\"\/>\n<\/svg>\n<span>En savoir plus<\/span><\/span><\/a>                        <\/div>\n                    <\/div>\n                            <\/div>\n        <\/div>\n    <\/div>\n<\/section>","protected":false},"excerpt":{"rendered":"<p>\u00abJe veux faire vivre et perdurer notre m\u00e9tier et notre savoir-faire.\u00bb<\/p>\n","protected":false},"featured_media":849,"template":"","class_list":["post-1252","interview","type-interview","status-publish","has-post-thumbnail","hentry"],"acf":[],"_links":{"self":[{"href":"https:\/\/www.avanti.swiss\/fr\/wp-json\/wp\/v2\/interview\/1252","targetHints":{"allow":["GET"]}}],"collection":[{"href":"https:\/\/www.avanti.swiss\/fr\/wp-json\/wp\/v2\/interview"}],"about":[{"href":"https:\/\/www.avanti.swiss\/fr\/wp-json\/wp\/v2\/types\/interview"}],"wp:featuredmedia":[{"embeddable":true,"href":"https:\/\/www.avanti.swiss\/fr\/wp-json\/wp\/v2\/media\/849"}],"wp:attachment":[{"href":"https:\/\/www.avanti.swiss\/fr\/wp-json\/wp\/v2\/media?parent=1252"}],"curies":[{"name":"wp","href":"https:\/\/api.w.org\/{rel}","templated":true}]}}